{"id":8925,"date":"2023-09-08T11:20:16","date_gmt":"2023-09-08T16:20:16","guid":{"rendered":"https:\/\/canadianigf.ca\/speakers\/"},"modified":"2025-11-10T21:18:08","modified_gmt":"2025-11-11T02:18:08","slug":"conferencier-es","status":"publish","type":"page","link":"https:\/\/canadianigf.ca\/fr\/conferencier-es\/","title":{"rendered":"Intervenant\u00b7es"},"content":{"rendered":"\t\t<div data-elementor-type=\"wp-page\" data-elementor-id=\"8925\" class=\"elementor elementor-8925 elementor-2945\" data-elementor-post-type=\"page\">\n\t\t\t\t\t\t<section class=\"elementor-section elementor-top-section elementor-element elementor-element-29edb64 elementor-section-boxed elementor-section-height-default elementor-section-height-default\" data-id=\"29edb64\" data-element_type=\"section\">\n\t\t\t\t\t\t<div class=\"elementor-container elementor-column-gap-default\">\n\t\t\t\t\t<div class=\"elementor-column elementor-col-100 elementor-top-column elementor-element elementor-element-0f2d797 sticky-sidebar\" data-id=\"0f2d797\" data-element_type=\"column\">\n\t\t\t<div class=\"elementor-widget-wrap elementor-element-populated\">\n\t\t\t\t\t\t<div class=\"elementor-element elementor-element-187fc27 elementor-widget__width-initial aleft elementor-widget elementor-widget-wgl-double-heading\" data-id=\"187fc27\" data-element_type=\"widget\" data-widget_type=\"wgl-double-heading.default\">\n\t\t\t\t<div class=\"elementor-widget-container\">\n\t\t\t<div class=\"wgl-double-heading\"><div class=\"dblh__wrapper\"><h3 class=\"dblh__title-wrapper\"><span class=\"dblh__title dblh__title-1\">Intervenant\u00b7es 2025<\/span><\/h3><\/div><\/div>\t\t<\/div>\n\t\t\t\t<\/div>\n\t\t\t\t<div class=\"elementor-element elementor-element-865fb74 aleft elementor-widget elementor-widget-wgl-info-box\" data-id=\"865fb74\" data-element_type=\"widget\" data-widget_type=\"wgl-info-box.default\">\n\t\t\t\t<div class=\"elementor-widget-container\">\n\t\t\t<div class=\"wgl-infobox\"><div class=\"wgl-infobox_wrapper\"><div class=\"content_wrapper\"><div class=\"wgl-infobox-title_wrapper\"><\/div><div class=\"wgl-infobox_content\"><p>Le FCGI est fier de r\u00e9unir des dirigeant<span>\u00b7es<\/span>\u00a0issu<span>\u00b7e<\/span>s des gouvernements, du secteur priv\u00e9, de la soci\u00e9t\u00e9 civile, du monde universitaire et de la communaut\u00e9 technique pour d\u00e9battre des enjeux de politique publique les plus urgents auxquels internet est confront\u00e9.<\/p><p>D\u00e9couvrez les intervenant<span>\u00b7e<\/span>s du FCGI 2025 !<\/p><\/div><\/div><\/div><\/div>\t\t<\/div>\n\t\t\t\t<\/div>\n\t\t\t\t\t<\/div>\n\t\t<\/div>\n\t\t\t\t\t<\/div>\n\t\t<\/section>\n\t\t\t\t<section class=\"elementor-section elementor-top-section elementor-element elementor-element-e011353 elementor-section-boxed elementor-section-height-default elementor-section-height-default\" data-id=\"e011353\" data-element_type=\"section\">\n\t\t\t\t\t\t<div class=\"elementor-container elementor-column-gap-default\">\n\t\t\t\t\t<div class=\"elementor-column elementor-col-33 elementor-top-column elementor-element elementor-element-06fbf35\" data-id=\"06fbf35\" data-element_type=\"column\">\n\t\t\t<div class=\"elementor-widget-wrap elementor-element-populated\">\n\t\t\t\t\t\t<div class=\"elementor-element elementor-element-a47066a elementor-widget elementor-widget-image\" data-id=\"a47066a\" data-element_type=\"widget\" data-widget_type=\"image.default\">\n\t\t\t\t<div class=\"elementor-widget-container\">\n\t\t\t\t\t\t\t\t\t\t\t\t\t<img decoding=\"async\" src=\"https:\/\/canadianigf.ca\/wp-content\/uploads\/elementor\/thumbs\/Keynote-Byron-Holland-qt8caivna2bbrgt2asg1ihecxvpx2ud7vzby31batk.png\" title=\"Keynote &#8211; Byron Holland\" alt=\"Keynote - Byron Holland\" loading=\"lazy\" \/>\t\t\t\t\t\t\t\t\t\t\t\t\t<\/div>\n\t\t\t\t<\/div>\n\t\t\t\t\t<\/div>\n\t\t<\/div>\n\t\t\t\t<div class=\"elementor-column elementor-col-66 elementor-top-column elementor-element elementor-element-e15d87b\" data-id=\"e15d87b\" data-element_type=\"column\">\n\t\t\t<div class=\"elementor-widget-wrap elementor-element-populated\">\n\t\t\t\t\t\t<div class=\"elementor-element elementor-element-d70006d aleft elementor-widget elementor-widget-wgl-info-box\" data-id=\"d70006d\" data-element_type=\"widget\" data-widget_type=\"wgl-info-box.default\">\n\t\t\t\t<div class=\"elementor-widget-container\">\n\t\t\t<div class=\"wgl-infobox\"><div class=\"wgl-infobox_wrapper\"><div class=\"content_wrapper\"><div class=\"wgl-infobox-title_wrapper\"><h6 class=\"wgl-infobox_title\"><span class=\"wgl-infobox_title-idle\">Conf\u00e9rencier principal<\/span><\/h6><\/div><\/div><\/div><\/div>\t\t<\/div>\n\t\t\t\t<\/div>\n\t\t\t\t<div class=\"elementor-element elementor-element-cd64f67 divider-yes aleft elementor-widget elementor-widget-wgl-double-heading\" data-id=\"cd64f67\" data-element_type=\"widget\" data-widget_type=\"wgl-double-heading.default\">\n\t\t\t\t<div class=\"elementor-widget-container\">\n\t\t\t<div class=\"wgl-double-heading\"><div class=\"dblh__subtitle\"> Pr\u00e9sident et chef de la direction, CIRA  <\/div><div class=\"dblh__wrapper\"><h3 class=\"dblh__title-wrapper\"><span class=\"dblh__title dblh__title-1\">Byron Holland <\/span><\/h3><\/div><\/div>\t\t<\/div>\n\t\t\t\t<\/div>\n\t\t\t\t<div class=\"elementor-element elementor-element-b244e21 aleft elementor-widget elementor-widget-wgl-info-box\" data-id=\"b244e21\" data-element_type=\"widget\" data-widget_type=\"wgl-info-box.default\">\n\t\t\t\t<div class=\"elementor-widget-container\">\n\t\t\t<div class=\"wgl-infobox\"><div class=\"wgl-infobox_wrapper\"><div class=\"content_wrapper\"><div class=\"wgl-infobox-title_wrapper\"><\/div><div class=\"wgl-infobox_content\"><p>Byron\u00a0Holland dirige CIRA en tant que pr\u00e9sident et chef de la direction depuis\u00a02008. Expert en gouvernance de l\u2019Internet et entrepreneur chevronn\u00e9, il poss\u00e8de une vaste exp\u00e9rience dans des postes de direction au sein des secteurs priv\u00e9 et \u00e0 but non lucratif. Sous la direction de Byron, CIRA est pass\u00e9e d\u2019un simple registre \u00e0 service unique \u00e0 une organisation commerciale \u00e0 but non lucratif, multi-produits et reconnue dans le monde entier. Aujourd\u2019hui l\u2019un des principaux domaines de premier niveau des codes de pays (ccTLD) au monde, CIRA g\u00e8re plus de 3,4\u00a0millions de domaines, et plus de 30\u00a0% des domaines de premier niveau du monde utilisent ses services DNS.<\/p><p>Sous la direction de Byron, CIRA est \u00e9galement membre fondateur de la coalition de la communaut\u00e9 technique qui favorise la collaboration multipartite (Technical Community Coalition for Multistakeholderism, TCCM), un groupe d\u2019op\u00e9rateurs techniques d\u00e9termin\u00e9s \u00e0 d\u00e9fendre et \u00e0 renforcer les processus d\u00e9cisionnels inclusifs et collaboratifs dans la gouvernance mondiale de l\u2019Internet. Byron repr\u00e9sente CIRA au niveau international dans le cadre de travaux sur la politique mondiale et a jou\u00e9 un r\u00f4le essentiel dans l\u2019\u00e9laboration de d\u00e9cisions cl\u00e9s en mati\u00e8re de gouvernance de l\u2019Internet.<\/p><p>Il a occup\u00e9 d\u2019importantes fonctions de direction au sein de l\u2019Internet Corporation for Assigned Names and Numbers (ICANN), notamment en tant que pr\u00e9sident du comit\u00e9 permanent des client\u00b7es et en tant que pr\u00e9sident et vice-pr\u00e9sident de la Country Code Names Supporting Organization (ccNSO). En mars\u00a02025, il s\u2019est joint au conseil d\u2019administration de l\u2019ICANN et si\u00e8ge actuellement aux comit\u00e9s des finances et de la v\u00e9rification de l\u2019organisme.<\/p><p>Auparavant, Byron a si\u00e9g\u00e9 au Comit\u00e9 des mises en candidature pour l\u2019American\u00a0Registry for Internet Numbers (ARIN) de 2019 \u00e0 2022. De 2021 \u00e0 2025, il a si\u00e9g\u00e9 au conseil d\u2019administration du Conseil des registres nationaux europ\u00e9ens de noms de domaine de premier niveau (Council of European National Top-Level Domain Registries, CENTR), occupant le poste de tr\u00e9sorier de 2024 \u00e0 2025. De 2023 \u00e0 2025, il a \u00e9galement \u00e9t\u00e9 membre du conseil d\u2019administration et vice-pr\u00e9sident de TorIX, le plus grand point d\u2019\u00e9change Internet au Canada.<\/p><\/div><\/div><\/div><\/div>\t\t<\/div>\n\t\t\t\t<\/div>\n\t\t\t\t\t<\/div>\n\t\t<\/div>\n\t\t\t\t\t<\/div>\n\t\t<\/section>\n\t\t\t\t<section class=\"elementor-section elementor-top-section elementor-element elementor-element-68b2802 elementor-section-boxed elementor-section-height-default elementor-section-height-default\" data-id=\"68b2802\" data-element_type=\"section\">\n\t\t\t\t\t\t<div class=\"elementor-container elementor-column-gap-default\">\n\t\t\t\t\t<div class=\"elementor-column elementor-col-33 elementor-top-column elementor-element elementor-element-b9df975\" data-id=\"b9df975\" data-element_type=\"column\">\n\t\t\t<div class=\"elementor-widget-wrap elementor-element-populated\">\n\t\t\t\t\t\t<div class=\"elementor-element elementor-element-e925dc7 elementor-widget elementor-widget-image\" data-id=\"e925dc7\" data-element_type=\"widget\" data-widget_type=\"image.default\">\n\t\t\t\t<div class=\"elementor-widget-container\">\n\t\t\t\t\t\t\t\t\t\t\t\t\t<img decoding=\"async\" src=\"https:\/\/canadianigf.ca\/wp-content\/uploads\/elementor\/thumbs\/speakers-master_0008_M-Geist-rdn4jrj411jis169p3fn14nld4p3kzvqqi82tmfcso.jpg\" title=\"speakers master_0008_M Geist\" alt=\"speakers master_0008_M Geist\" loading=\"lazy\" \/>\t\t\t\t\t\t\t\t\t\t\t\t\t<\/div>\n\t\t\t\t<\/div>\n\t\t\t\t\t<\/div>\n\t\t<\/div>\n\t\t\t\t<div class=\"elementor-column elementor-col-66 elementor-top-column elementor-element elementor-element-e668476\" data-id=\"e668476\" data-element_type=\"column\">\n\t\t\t<div class=\"elementor-widget-wrap elementor-element-populated\">\n\t\t\t\t\t\t<div class=\"elementor-element elementor-element-ab45f34 aleft elementor-widget elementor-widget-wgl-info-box\" data-id=\"ab45f34\" data-element_type=\"widget\" data-widget_type=\"wgl-info-box.default\">\n\t\t\t\t<div class=\"elementor-widget-container\">\n\t\t\t<div class=\"wgl-infobox\"><div class=\"wgl-infobox_wrapper\"><div class=\"content_wrapper\"><div class=\"wgl-infobox-title_wrapper\"><h6 class=\"wgl-infobox_title\"><span class=\"wgl-infobox_title-idle\">Table ronde 1 : Souverainet\u00e9 num\u00e9rique canadienne : L\u2019agenda num\u00e9rique du gouvernement du Canada<\/span><\/h6><\/div><\/div><\/div><\/div>\t\t<\/div>\n\t\t\t\t<\/div>\n\t\t\t\t<div class=\"elementor-element elementor-element-f543417 divider-yes aleft elementor-widget elementor-widget-wgl-double-heading\" data-id=\"f543417\" data-element_type=\"widget\" data-widget_type=\"wgl-double-heading.default\">\n\t\t\t\t<div class=\"elementor-widget-container\">\n\t\t\t<div class=\"wgl-double-heading\"><div class=\"dblh__subtitle\">Professeur de droit, Universit\u00e9 d\u2019Ottawa<\/div><div class=\"dblh__wrapper\"><h3 class=\"dblh__title-wrapper\"><span class=\"dblh__title dblh__title-1\">Michael Geist<\/span><\/h3><\/div><\/div>\t\t<\/div>\n\t\t\t\t<\/div>\n\t\t\t\t<div class=\"elementor-element elementor-element-0187c8b aleft elementor-widget elementor-widget-wgl-info-box\" data-id=\"0187c8b\" data-element_type=\"widget\" data-widget_type=\"wgl-info-box.default\">\n\t\t\t\t<div class=\"elementor-widget-container\">\n\t\t\t<div class=\"wgl-infobox\"><div class=\"wgl-infobox_wrapper\"><div class=\"content_wrapper\"><div class=\"wgl-infobox-title_wrapper\"><\/div><div class=\"wgl-infobox_content\"><p>Michael Geist, Ph. D., est professeur de droit \u00e0 l\u2019Universit\u00e9 d\u2019Ottawa, o\u00f9 il est titulaire de la chaire de recherche du Canada en droit d\u2019Internet et du commerce \u00e9lectronique et membre du Centre de recherche en droit, technologie et soci\u00e9t\u00e9. Il a obtenu un baccalaur\u00e9at en droit (LL.B.) de la Osgoode Hall Law School \u00e0 Toronto, une ma\u00eetrise en droit (LL.M.) de l\u2019Universit\u00e9 Cambridge au Royaume-Uni et de la Columbia Law School \u00e0 New York, et un doctorat en droit (J.S.D.) de la Columbia Law School.<\/p><p>Le Dr\u00a0Geist est l\u2019\u00e9diteur de plusieurs livres sur les droits d\u2019auteur, y compris <span><a href=\"https:\/\/press.uottawa.ca\/?___store=uop_eng&amp;___from_store=uop_fr\"><em>The Copyright Pentalogy:<\/em> How the Supreme Court of Canada Shook the Foundations of Canadian Copyright Law<\/a><\/span>\u00a0(2013, University of Ottawa Press),\u00a0<span><a href=\"https:\/\/irwinlaw.com\/\"><em>From \u201cRadical Extremism\u201d to \u201cBalanced Copyright\u201d: Canadian Copyright and the Digital Agenda (2010, Irwin Law)<\/em><\/a><\/span> et<em>\u00a0<\/em><span><a href=\"http:\/\/www.irwinlaw.com\/content_commons\/in_the_public_interest\"><em>In the Public Interest: The Future of Canadian Copyright Law<\/em><\/a><\/span><em>\u00a0<\/em>(2005, Irwin\u00a0Law), l\u2019\u00e9diteur de plusieurs publications mensuelles sur le droit des technologies, l\u2019auteur d\u2019un blogue populaire sur les questions de droit de l\u2019internet et de la propri\u00e9t\u00e9 intellectuelle, ainsi que le cr\u00e9ateur de Law Bytes, l\u2019un des balados canadiens les plus reconnus dans le domaine du droit des technologies.<\/p><p>Le Dr\u00a0Geist si\u00e8ge \u00e0 de nombreux conseils d\u2019administration, notamment ceux d\u2019Internet Archive Canada et du conseil consultatif de l\u2019EFF. Il a \u00e9t\u00e9 nomm\u00e9 \u00e0 l\u2019Ordre de l\u2019Ontario en 2018 et a re\u00e7u de nombreux prix pour son travail, notamment le Vox Libera Award de Canadian Journalists for Freedom of Expression en 2018, le Kroeger Award for Policy Leadership et le Public Knowledge IP3 Award en 2010, le Les Fowlie Award for Intellectual Freedom d\u00e9cern\u00e9 par l\u2019Ontario Library Association en 2009, le Pioneer Award de l\u2019EFF en 2008, ainsi que le IWAY Public Leadership Award de Canarie pour sa contribution au d\u00e9veloppement d\u2019Internet au Canada.<\/p><p>Vous pouvez obtenir de plus amples renseignements \u00e0 l\u2019adresse <span><a href=\"http:\/\/www.michaelgeist.ca\">http:\/\/www.michaelgeist.ca<\/a><\/span>.<\/p><\/div><\/div><\/div><\/div>\t\t<\/div>\n\t\t\t\t<\/div>\n\t\t\t\t<div class=\"elementor-element elementor-element-3922279 elementor-shape-rounded elementor-widget elementor-widget-wgl-social-icons\" data-id=\"3922279\" data-element_type=\"widget\" data-widget_type=\"wgl-social-icons.default\">\n\t\t\t\t<div class=\"elementor-widget-container\">\n\t\t\t<div class=\"wgl-social-icons elementor-social-icons-wrapper\"><a class=\"elementor-icon elementor-social-icon elementor-social-icon-linkedin elementor-repeater-item-89aff55\" href=\"https:\/\/www.linkedin.com\/in\/michaelgeist\/%20\" target=\"_blank\" title=\"Linkedin\"><span class=\"elementor-screen-only\">Linkedin<\/span><i class=\"fab fa-linkedin\"><\/i><\/a><a class=\"elementor-icon elementor-social-icon elementor-social-icon-flaticon-worldwide elementor-repeater-item-148bd4f\" href=\"http:\/\/www.michaelgeist.ca\" target=\"_blank\" title=\"Website\"><span class=\"elementor-screen-only\">Flaticon-worldwide<\/span><i class=\"flaticon flaticon-worldwide\"><\/i><\/a><\/div>\t\t<\/div>\n\t\t\t\t<\/div>\n\t\t\t\t\t<\/div>\n\t\t<\/div>\n\t\t\t\t\t<\/div>\n\t\t<\/section>\n\t\t\t\t<section class=\"elementor-section elementor-top-section elementor-element elementor-element-d646c7b elementor-section-boxed elementor-section-height-default elementor-section-height-default\" data-id=\"d646c7b\" data-element_type=\"section\">\n\t\t\t\t\t\t<div class=\"elementor-container elementor-column-gap-default\">\n\t\t\t\t\t<div class=\"elementor-column elementor-col-33 elementor-top-column elementor-element elementor-element-80e2a37\" data-id=\"80e2a37\" data-element_type=\"column\">\n\t\t\t<div class=\"elementor-widget-wrap elementor-element-populated\">\n\t\t\t\t\t\t<div class=\"elementor-element elementor-element-870559a elementor-widget elementor-widget-image\" data-id=\"870559a\" data-element_type=\"widget\" data-widget_type=\"image.default\">\n\t\t\t\t<div class=\"elementor-widget-container\">\n\t\t\t\t\t\t\t\t\t\t\t\t\t<img decoding=\"async\" src=\"https:\/\/canadianigf.ca\/wp-content\/uploads\/elementor\/thumbs\/speakers-master_0002_Vass-Bednar-rdn4jj2kbj7xvjik2hrzwosg0nusnpy5pccpi4rwco.jpg\" title=\"speakers master_0002_Vass Bednar\" alt=\"speakers master_0002_Vass Bednar\" loading=\"lazy\" \/>\t\t\t\t\t\t\t\t\t\t\t\t\t<\/div>\n\t\t\t\t<\/div>\n\t\t\t\t\t<\/div>\n\t\t<\/div>\n\t\t\t\t<div class=\"elementor-column elementor-col-66 elementor-top-column elementor-element elementor-element-73afbae\" data-id=\"73afbae\" data-element_type=\"column\">\n\t\t\t<div class=\"elementor-widget-wrap elementor-element-populated\">\n\t\t\t\t\t\t<div class=\"elementor-element elementor-element-6adf3b3 aleft elementor-widget elementor-widget-wgl-info-box\" data-id=\"6adf3b3\" data-element_type=\"widget\" data-widget_type=\"wgl-info-box.default\">\n\t\t\t\t<div class=\"elementor-widget-container\">\n\t\t\t<div class=\"wgl-infobox\"><div class=\"wgl-infobox_wrapper\"><div class=\"content_wrapper\"><div class=\"wgl-infobox-title_wrapper\"><h6 class=\"wgl-infobox_title\"><span class=\"wgl-infobox_title-idle\">Table ronde 1<\/span><\/h6><\/div><\/div><\/div><\/div>\t\t<\/div>\n\t\t\t\t<\/div>\n\t\t\t\t<div class=\"elementor-element elementor-element-290e966 divider-yes aleft elementor-widget elementor-widget-wgl-double-heading\" data-id=\"290e966\" data-element_type=\"widget\" data-widget_type=\"wgl-double-heading.default\">\n\t\t\t\t<div class=\"elementor-widget-container\">\n\t\t\t<div class=\"wgl-double-heading\"><div class=\"dblh__subtitle\">Directrice g\u00e9n\u00e9rale, Canadian SHIELD Institute for Public Policy<\/div><div class=\"dblh__wrapper\"><h3 class=\"dblh__title-wrapper\"><span class=\"dblh__title dblh__title-1\">Vass Bednar<\/span><\/h3><\/div><\/div>\t\t<\/div>\n\t\t\t\t<\/div>\n\t\t\t\t<div class=\"elementor-element elementor-element-3cb208f aleft elementor-widget elementor-widget-wgl-info-box\" data-id=\"3cb208f\" data-element_type=\"widget\" data-widget_type=\"wgl-info-box.default\">\n\t\t\t\t<div class=\"elementor-widget-container\">\n\t\t\t<div class=\"wgl-infobox\"><div class=\"wgl-infobox_wrapper\"><div class=\"content_wrapper\"><div class=\"wgl-infobox-title_wrapper\"><\/div><div class=\"wgl-infobox_content\"><p>Vass\u00a0Bednar est la directrice g\u00e9n\u00e9rale du Canadian SHIELD Institute for Public Policy, un laboratoire de politiques de nouvelle g\u00e9n\u00e9ration ax\u00e9 sur la r\u00e9alisation du plein potentiel du Canada. Reconnue comme l\u2019une des esprits les plus brillants du Canada en mati\u00e8re de politiques publiques, elle est connue pour aller droit au but et d\u00e9passer le jargon corporatif et l\u2019inertie bureaucratique afin de poser les questions que d\u2019autres n\u2019osent pas poser.<\/p><p>Avec une carri\u00e8re qui s\u2019\u00e9tend des groupes de r\u00e9flexion au gouvernement, en passant par le milieu universitaire et les m\u00e9dias, Vass s\u2019est forg\u00e9e une r\u00e9putation de voix ind\u00e9pendante et audacieuse sur les politiques qui fa\u00e7onnent notre quotidien. En 2020, elle a cofond\u00e9 le programme de ma\u00eetrise en politiques publiques et soci\u00e9t\u00e9 num\u00e9rique \u00e0 l\u2019Universit\u00e9\u00a0McMaster, o\u00f9 elle a \u00e9galement enseign\u00e9 des cours sur la conception des politiques.<\/p><p>Vass est chercheuse principale au Centre for International Governance Innovation, membre du Public Policy Forum et conseill\u00e8re aupr\u00e8s du Canadian Anti-Monopoly Project et de Social Capital Partners. Elle est la coauteure de <em>The Big Fix: How Companies Capture Markets and Harm Canadians<\/em>, et chroniqueuse au Report on Business du <em>Globe and Mail<\/em>, o\u00f9 elle se concentre sur les politiques, les technologies et les forces corporatives qui fa\u00e7onnent notre quotidien et notre avenir \u00e9conomique.<\/p><\/div><\/div><\/div><\/div>\t\t<\/div>\n\t\t\t\t<\/div>\n\t\t\t\t<div class=\"elementor-element elementor-element-f43c5c9 elementor-shape-rounded elementor-widget elementor-widget-wgl-social-icons\" data-id=\"f43c5c9\" data-element_type=\"widget\" data-widget_type=\"wgl-social-icons.default\">\n\t\t\t\t<div class=\"elementor-widget-container\">\n\t\t\t<div class=\"wgl-social-icons elementor-social-icons-wrapper\"><a class=\"elementor-icon elementor-social-icon elementor-social-icon-linkedin elementor-repeater-item-89aff55\" href=\"https:\/\/www.linkedin.com\/in\/vass\/%20\" target=\"_blank\" title=\"Linkedin\"><span class=\"elementor-screen-only\">Linkedin<\/span><i class=\"fab fa-linkedin\"><\/i><\/a><\/div>\t\t<\/div>\n\t\t\t\t<\/div>\n\t\t\t\t\t<\/div>\n\t\t<\/div>\n\t\t\t\t\t<\/div>\n\t\t<\/section>\n\t\t\t\t<section class=\"elementor-section elementor-top-section elementor-element elementor-element-891513a elementor-section-boxed elementor-section-height-default elementor-section-height-default\" data-id=\"891513a\" data-element_type=\"section\">\n\t\t\t\t\t\t<div class=\"elementor-container elementor-column-gap-default\">\n\t\t\t\t\t<div class=\"elementor-column elementor-col-33 elementor-top-column elementor-element elementor-element-847c9ce\" data-id=\"847c9ce\" data-element_type=\"column\">\n\t\t\t<div class=\"elementor-widget-wrap elementor-element-populated\">\n\t\t\t\t\t\t<div class=\"elementor-element elementor-element-9084833 elementor-widget elementor-widget-image\" data-id=\"9084833\" data-element_type=\"widget\" data-widget_type=\"image.default\">\n\t\t\t\t<div class=\"elementor-widget-container\">\n\t\t\t\t\t\t\t\t\t\t\t\t\t<img decoding=\"async\" src=\"https:\/\/canadianigf.ca\/wp-content\/uploads\/elementor\/thumbs\/speakers-master_0006_Mira-Gillis-rdn4joplgjfnt7ad5k7rbnd7kz2zxwkjq49mdsjjbc.jpg\" title=\"speakers master_0006_Mira Gillis\" alt=\"speakers master_0006_Mira Gillis\" loading=\"lazy\" \/>\t\t\t\t\t\t\t\t\t\t\t\t\t<\/div>\n\t\t\t\t<\/div>\n\t\t\t\t\t<\/div>\n\t\t<\/div>\n\t\t\t\t<div class=\"elementor-column elementor-col-66 elementor-top-column elementor-element elementor-element-030ef42\" data-id=\"030ef42\" data-element_type=\"column\">\n\t\t\t<div class=\"elementor-widget-wrap elementor-element-populated\">\n\t\t\t\t\t\t<div class=\"elementor-element elementor-element-25267f6 aleft elementor-widget elementor-widget-wgl-info-box\" data-id=\"25267f6\" data-element_type=\"widget\" data-widget_type=\"wgl-info-box.default\">\n\t\t\t\t<div class=\"elementor-widget-container\">\n\t\t\t<div class=\"wgl-infobox\"><div class=\"wgl-infobox_wrapper\"><div class=\"content_wrapper\"><div class=\"wgl-infobox-title_wrapper\"><h6 class=\"wgl-infobox_title\"><span class=\"wgl-infobox_title-idle\">Table ronde 1<\/span><\/h6><\/div><\/div><\/div><\/div>\t\t<\/div>\n\t\t\t\t<\/div>\n\t\t\t\t<div class=\"elementor-element elementor-element-0365204 divider-yes aleft elementor-widget elementor-widget-wgl-double-heading\" data-id=\"0365204\" data-element_type=\"widget\" data-widget_type=\"wgl-double-heading.default\">\n\t\t\t\t<div class=\"elementor-widget-container\">\n\t\t\t<div class=\"wgl-double-heading\"><div class=\"dblh__subtitle\">Directrice des op\u00e9rations, Young Digital Leaders of Canada<\/div><div class=\"dblh__wrapper\"><h3 class=\"dblh__title-wrapper\"><span class=\"dblh__title dblh__title-1\">Mira Gillis<\/span><\/h3><\/div><\/div>\t\t<\/div>\n\t\t\t\t<\/div>\n\t\t\t\t<div class=\"elementor-element elementor-element-22ef900 aleft elementor-widget elementor-widget-wgl-info-box\" data-id=\"22ef900\" data-element_type=\"widget\" data-widget_type=\"wgl-info-box.default\">\n\t\t\t\t<div class=\"elementor-widget-container\">\n\t\t\t<div class=\"wgl-infobox\"><div class=\"wgl-infobox_wrapper\"><div class=\"content_wrapper\"><div class=\"wgl-infobox-title_wrapper\"><\/div><div class=\"wgl-infobox_content\"><p>Mira Gillis occupe le poste de directrice des op\u00e9rations de Young Digital Leaders of Canada, qui organise chaque ann\u00e9e le Forum canadien sur la gouvernance de l\u2019Internet pour les jeunes. Elle a r\u00e9cemment pass\u00e9 la derni\u00e8re ann\u00e9e \u00e0 obtenir une ma\u00eetrise \u00e8s sciences avec sp\u00e9cialisation en m\u00e9dias et communications (gouvernance) \u00e0 la London School of Economics and Political Science. Pendant son s\u00e9jour \u00e0 l\u2019\u00e9tranger, elle a \u00e9galement \u00e9t\u00e9 s\u00e9lectionn\u00e9e pour le programme NextGen@ICANN et a pr\u00e9sent\u00e9 une communication sur le th\u00e8me de \u00ab la responsabilit\u00e9 dans la gouvernance d\u2019Internet \u00bb lors de la conf\u00e9rence ICANN83 \u00e0 Prague, en R\u00e9publique tch\u00e8que.<\/p><\/div><\/div><\/div><\/div>\t\t<\/div>\n\t\t\t\t<\/div>\n\t\t\t\t<div class=\"elementor-element elementor-element-ce8830f elementor-shape-rounded elementor-widget elementor-widget-wgl-social-icons\" data-id=\"ce8830f\" data-element_type=\"widget\" data-widget_type=\"wgl-social-icons.default\">\n\t\t\t\t<div class=\"elementor-widget-container\">\n\t\t\t<div class=\"wgl-social-icons elementor-social-icons-wrapper\"><a class=\"elementor-icon elementor-social-icon elementor-social-icon-linkedin elementor-repeater-item-89aff55\" href=\"https:\/\/www.linkedin.com\/in\/mira-gillis\/%20\" target=\"_blank\" title=\"Linkedin\"><span class=\"elementor-screen-only\">Linkedin<\/span><i class=\"fab fa-linkedin\"><\/i><\/a><\/div>\t\t<\/div>\n\t\t\t\t<\/div>\n\t\t\t\t\t<\/div>\n\t\t<\/div>\n\t\t\t\t\t<\/div>\n\t\t<\/section>\n\t\t\t\t<section class=\"elementor-section elementor-top-section elementor-element elementor-element-c2c3d4f elementor-section-boxed elementor-section-height-default elementor-section-height-default\" data-id=\"c2c3d4f\" data-element_type=\"section\">\n\t\t\t\t\t\t<div class=\"elementor-container elementor-column-gap-default\">\n\t\t\t\t\t<div class=\"elementor-column elementor-col-33 elementor-top-column elementor-element elementor-element-aa3e1f0\" data-id=\"aa3e1f0\" data-element_type=\"column\">\n\t\t\t<div class=\"elementor-widget-wrap elementor-element-populated\">\n\t\t\t\t\t\t<div class=\"elementor-element elementor-element-6ceaaa0 elementor-widget elementor-widget-image\" data-id=\"6ceaaa0\" data-element_type=\"widget\" data-widget_type=\"image.default\">\n\t\t\t\t<div class=\"elementor-widget-container\">\n\t\t\t\t\t\t\t\t\t\t\t\t\t<img fetchpriority=\"high\" decoding=\"async\" width=\"500\" height=\"500\" src=\"https:\/\/canadianigf.ca\/wp-content\/uploads\/2025\/10\/speakers-master_0004_Ulrike-Bahr-Gedalia.jpg\" class=\"attachment-full size-full wp-image-8830\" alt=\"\" srcset=\"https:\/\/canadianigf.ca\/wp-content\/uploads\/2025\/10\/speakers-master_0004_Ulrike-Bahr-Gedalia.jpg 500w, https:\/\/canadianigf.ca\/wp-content\/uploads\/2025\/10\/speakers-master_0004_Ulrike-Bahr-Gedalia-300x300.jpg 300w, https:\/\/canadianigf.ca\/wp-content\/uploads\/2025\/10\/speakers-master_0004_Ulrike-Bahr-Gedalia-150x150.jpg 150w\" sizes=\"(max-width: 500px) 100vw, 500px\" \/>\t\t\t\t\t\t\t\t\t\t\t\t\t<\/div>\n\t\t\t\t<\/div>\n\t\t\t\t\t<\/div>\n\t\t<\/div>\n\t\t\t\t<div class=\"elementor-column elementor-col-66 elementor-top-column elementor-element elementor-element-3a7853f\" data-id=\"3a7853f\" data-element_type=\"column\">\n\t\t\t<div class=\"elementor-widget-wrap elementor-element-populated\">\n\t\t\t\t\t\t<div class=\"elementor-element elementor-element-f4b3e54 aleft elementor-widget elementor-widget-wgl-info-box\" data-id=\"f4b3e54\" data-element_type=\"widget\" data-widget_type=\"wgl-info-box.default\">\n\t\t\t\t<div class=\"elementor-widget-container\">\n\t\t\t<div class=\"wgl-infobox\"><div class=\"wgl-infobox_wrapper\"><div class=\"content_wrapper\"><div class=\"wgl-infobox-title_wrapper\"><h6 class=\"wgl-infobox_title\"><span class=\"wgl-infobox_title-idle\">Table ronde 1<\/span><\/h6><\/div><\/div><\/div><\/div>\t\t<\/div>\n\t\t\t\t<\/div>\n\t\t\t\t<div class=\"elementor-element elementor-element-e93fe64 divider-yes aleft elementor-widget elementor-widget-wgl-double-heading\" data-id=\"e93fe64\" data-element_type=\"widget\" data-widget_type=\"wgl-double-heading.default\">\n\t\t\t\t<div class=\"elementor-widget-container\">\n\t\t\t<div class=\"wgl-double-heading\"><div class=\"dblh__subtitle\">Responsable des technologies, affaires et politiques publiques<\/div><div class=\"dblh__wrapper\"><h3 class=\"dblh__title-wrapper\"><span class=\"dblh__title dblh__title-1\">Ulrike Bahr-Gedalia  <\/span><\/h3><\/div><\/div>\t\t<\/div>\n\t\t\t\t<\/div>\n\t\t\t\t<div class=\"elementor-element elementor-element-52998c9 aleft elementor-widget elementor-widget-wgl-info-box\" data-id=\"52998c9\" data-element_type=\"widget\" data-widget_type=\"wgl-info-box.default\">\n\t\t\t\t<div class=\"elementor-widget-container\">\n\t\t\t<div class=\"wgl-infobox\"><div class=\"wgl-infobox_wrapper\"><div class=\"content_wrapper\"><div class=\"wgl-infobox-title_wrapper\"><\/div><div class=\"wgl-infobox_content\"><p>Ulrike Bahr-Gedalia, M.A., B.A., est une innovatrice, entrepreneure et dirigeante prim\u00e9e, multilingue, sp\u00e9cialis\u00e9e en technologie, en affaires et en politiques publiques, qui compte plus de 25\u00a0ans d\u2019exp\u00e9rience dans les secteurs priv\u00e9, public, sans but lucratif et universitaire. Originaire d\u2019Allemagne, sa carri\u00e8re internationale s\u2019\u00e9tend sur six\u00a0pays et cinq\u00a0continents.<\/p><p>Au cours des cinq derni\u00e8res ann\u00e9es et demie, Ulrike a occup\u00e9 le poste de directrice principale, \u00c9conomie num\u00e9rique, technologie et innovation \u00e0 la Chambre de commerce du Canada, o\u00f9 elle a dirig\u00e9 des dossiers de politiques f\u00e9d\u00e9rales portant notamment sur l\u2019intelligence artificielle, la cybers\u00e9curit\u00e9, les t\u00e9l\u00e9communications, les technologies quantiques, la s\u00e9curit\u00e9 en ligne, la transformation num\u00e9rique, l\u2019adoption des technologies ainsi que la protection des renseignements personnels et des donn\u00e9es. Elle a inaugur\u00e9 et dirig\u00e9 le Conseil national sur la cybers\u00e9curit\u00e9, le Conseil sur l\u2019avenir de l\u2019intelligence artificielle et le Comit\u00e9 de l\u2019\u00e9conomie num\u00e9rique, qui regroupent pr\u00e8s de 200\u00a0organisations. De 2020 \u00e0 2022, Ulrike a cr\u00e9\u00e9 et dirig\u00e9 le Comit\u00e9 national sur l\u2019innovation en sant\u00e9 et mis en place le portefeuille de biofabrication et de sciences de la vie de la Chambre de commerce du Canada. De 2023 \u00e0 2024, le Conseil sur la protection de la vie priv\u00e9e et le commerce num\u00e9rique a \u00e9galement \u00e9t\u00e9 ajout\u00e9 au portefeuille d\u2019Ulrike.<\/p><p>Avant de se joindre \u00e0 la Chambre de commerce du Canada, Ulrike a \u00e9t\u00e9 pr\u00e9sidente-directrice g\u00e9n\u00e9rale de Digital Nova Scotia pendant plus de sept ans. Ulrike a \u00e9galement travaill\u00e9 au sein du gouvernement provincial de la Nouvelle-\u00c9cosse (d\u00e9veloppement \u00e9conomique, commerce et \u00e9changes internationaux), notamment pour la soci\u00e9t\u00e9 d\u2019\u00c9tat Innovacorp (aujourd\u2019hui Invest Nova Scotia), et a occup\u00e9 un large \u00e9ventail de postes de direction au si\u00e8ge de grandes entreprises technologiques multinationales, de petites et moyennes entreprises ainsi que de jeunes pousses \u00e0 l\u2019\u00e9chelle mondiale, notamment chez Intel, Compaq\/HP, McAfee, Madge\u00a0Networks, Commtouch\/Cyren, Nipendo, CarteNav, Seaside Wireless et Thorasys.<\/p><p>Ulrike est actuellement membre du comit\u00e9 des politiques de la Canadian Internet Society (TCIS), du comit\u00e9 d\u2019experts du Conseil des acad\u00e9mies canadiennes (Council of Canadian Academies, CCA) sur l\u2019\u00e9tat de la science, de la technologie et de l\u2019innovation au Canada, ainsi que du comit\u00e9 d\u2019\u00e9valuation des Prix du gouverneur g\u00e9n\u00e9ral pour l\u2019innovation (Governor General\u2019s Innovation Awards, GGIA).<\/p><p>Ardente d\u00e9fenseure de l\u2019\u00e9quit\u00e9, de la diversit\u00e9 et de l\u2019inclusion ainsi que des carri\u00e8res en STIAM, et infatigable rassembleuse favorisant les liens entre les personnes et les emplois, l\u2019industrie et le gouvernement, ainsi que les entreprises et les occasions, Ulrike s\u2019est vu d\u00e9cerner les distinctions et reconnaissances suivantes : Membre du Temple de la renomm\u00e9e des 100 femmes les plus influentes au Canada du R\u00e9seau des femmes ex\u00e9cutives (RFE); nomm\u00e9e parmi les 50 meilleurs chefs de la direction par le magazine Atlantic Business; laur\u00e9ate du Top 25 des immigrants canadiens de RBC; reconnue parmi les 25 immigrants les plus influents de la c\u00f4te Est et les 5 femmes immigrantes les plus influentes d\u2019Halifax; ainsi que parmi les 15 leaders d\u2019excellence au Canada selon WCT : Innovatrice; laur\u00e9ate du prix Progress Women of Excellence : Innovatrice\/Entrepreneure; et reconnue parmi les 40 agents de changement les plus influents au Canada;\u00a0Canadian Living Magazine; prix d\u2019enseignement Mannesmann et bourse Fulbright obtenus pendant sa ma\u00eetrise aux \u00c9tats-Unis. En 2017, Ulrike a fait partie des \u00ab\u00a0Canada\u00a0150\u00a0Women\u00a0\u00bb, l\u2019ouvrage \u00e0 succ\u00e8s du m\u00eame nom.<\/p><p>Ulrike est mari\u00e9e, m\u00e8re d'un fils et d'une fille, et a quitt\u00e9 Isra\u00ebl pour s'installer au Canada en 2002. Depuis, Ulrike vit au Canada et, se d\u00e9crit comme une passionn\u00e9e de nature que l'on trouve en plein air presque tous les jours.<\/p><\/div><\/div><\/div><\/div>\t\t<\/div>\n\t\t\t\t<\/div>\n\t\t\t\t<div class=\"elementor-element elementor-element-5754f5d elementor-shape-rounded elementor-widget elementor-widget-wgl-social-icons\" data-id=\"5754f5d\" data-element_type=\"widget\" data-widget_type=\"wgl-social-icons.default\">\n\t\t\t\t<div class=\"elementor-widget-container\">\n\t\t\t<div class=\"wgl-social-icons elementor-social-icons-wrapper\"><a class=\"elementor-icon elementor-social-icon elementor-social-icon-linkedin elementor-repeater-item-147f74f\" href=\"https:\/\/www.linkedin.com\/in\/ubahrged\/%20\" target=\"_blank\" title=\"Linkedin\"><span class=\"elementor-screen-only\">Linkedin<\/span><i class=\"fab fa-linkedin\"><\/i><\/a><\/div>\t\t<\/div>\n\t\t\t\t<\/div>\n\t\t\t\t\t<\/div>\n\t\t<\/div>\n\t\t\t\t\t<\/div>\n\t\t<\/section>\n\t\t\t\t<section class=\"elementor-section elementor-top-section elementor-element elementor-element-2c81871 elementor-section-boxed elementor-section-height-default elementor-section-height-default\" data-id=\"2c81871\" data-element_type=\"section\">\n\t\t\t\t\t\t<div class=\"elementor-container elementor-column-gap-default\">\n\t\t\t\t\t<div class=\"elementor-column elementor-col-33 elementor-top-column elementor-element elementor-element-428fb5e\" data-id=\"428fb5e\" data-element_type=\"column\">\n\t\t\t<div class=\"elementor-widget-wrap elementor-element-populated\">\n\t\t\t\t\t\t<div class=\"elementor-element elementor-element-e8d4e30 elementor-widget elementor-widget-image\" data-id=\"e8d4e30\" data-element_type=\"widget\" data-widget_type=\"image.default\">\n\t\t\t\t<div class=\"elementor-widget-container\">\n\t\t\t\t\t\t\t\t\t\t\t\t\t<img decoding=\"async\" width=\"500\" height=\"500\" src=\"https:\/\/canadianigf.ca\/wp-content\/uploads\/2025\/10\/speakers-master_0014_Ducan-Cass-Beggs.jpg\" class=\"attachment-full size-full wp-image-8850\" alt=\"\" srcset=\"https:\/\/canadianigf.ca\/wp-content\/uploads\/2025\/10\/speakers-master_0014_Ducan-Cass-Beggs.jpg 500w, https:\/\/canadianigf.ca\/wp-content\/uploads\/2025\/10\/speakers-master_0014_Ducan-Cass-Beggs-300x300.jpg 300w, https:\/\/canadianigf.ca\/wp-content\/uploads\/2025\/10\/speakers-master_0014_Ducan-Cass-Beggs-150x150.jpg 150w\" sizes=\"(max-width: 500px) 100vw, 500px\" \/>\t\t\t\t\t\t\t\t\t\t\t\t\t<\/div>\n\t\t\t\t<\/div>\n\t\t\t\t\t<\/div>\n\t\t<\/div>\n\t\t\t\t<div class=\"elementor-column elementor-col-66 elementor-top-column elementor-element elementor-element-29a7af0\" data-id=\"29a7af0\" data-element_type=\"column\">\n\t\t\t<div class=\"elementor-widget-wrap elementor-element-populated\">\n\t\t\t\t\t\t<div class=\"elementor-element elementor-element-50e2fd2 aleft elementor-widget elementor-widget-wgl-info-box\" data-id=\"50e2fd2\" data-element_type=\"widget\" data-widget_type=\"wgl-info-box.default\">\n\t\t\t\t<div class=\"elementor-widget-container\">\n\t\t\t<div class=\"wgl-infobox\"><div class=\"wgl-infobox_wrapper\"><div class=\"content_wrapper\"><div class=\"wgl-infobox-title_wrapper\"><h6 class=\"wgl-infobox_title\"><span class=\"wgl-infobox_title-idle\">Mod\u00e9rateur<\/span><\/h6><\/div><\/div><\/div><\/div>\t\t<\/div>\n\t\t\t\t<\/div>\n\t\t\t\t<div class=\"elementor-element elementor-element-18fc68c divider-yes aleft elementor-widget elementor-widget-wgl-double-heading\" data-id=\"18fc68c\" data-element_type=\"widget\" data-widget_type=\"wgl-double-heading.default\">\n\t\t\t\t<div class=\"elementor-widget-container\">\n\t\t\t<div class=\"wgl-double-heading\"><div class=\"dblh__subtitle\">Directeur g\u00e9n\u00e9ral de l\u2019Initiative mondiale sur les risques de l\u2019IA, Centre pour l\u2019innovation dans la gouvernance internationale (CIGI)<\/div><div class=\"dblh__wrapper\"><h3 class=\"dblh__title-wrapper\"><span class=\"dblh__title dblh__title-1\">Duncan Cass-Beggs<\/span><\/h3><\/div><\/div>\t\t<\/div>\n\t\t\t\t<\/div>\n\t\t\t\t<div class=\"elementor-element elementor-element-f3a1517 aleft elementor-widget elementor-widget-wgl-info-box\" data-id=\"f3a1517\" data-element_type=\"widget\" data-widget_type=\"wgl-info-box.default\">\n\t\t\t\t<div class=\"elementor-widget-container\">\n\t\t\t<div class=\"wgl-infobox\"><div class=\"wgl-infobox_wrapper\"><div class=\"content_wrapper\"><div class=\"wgl-infobox-title_wrapper\"><\/div><div class=\"wgl-infobox_content\"><p>Duncan Cass-Beggs est directeur g\u00e9n\u00e9ral de l\u2019Initiative mondiale sur les risques li\u00e9s \u00e0 l\u2019IA au Centre pour l\u2019innovation dans la gouvernance internationale (CIGI), o\u00f9 il se consacre \u00e0 l\u2019\u00e9laboration de solutions de gouvernance innovantes pour r\u00e9pondre aux enjeux mondiaux actuels et futurs li\u00e9s \u00e0 l\u2019intelligence artificielle (IA). Duncan poss\u00e8de plus de 25 ans d\u2019exp\u00e9rience dans le domaine des politiques publiques nationales et internationales, et occupait r\u00e9cemment le poste de responsable de la prospective strat\u00e9gique au sein de l\u2019Organisation de coop\u00e9ration et de d\u00e9veloppement \u00e9conomiques (OCDE).<\/p><p>Au cours de ses six ann\u00e9es pass\u00e9es en tant que conseiller en prospective strat\u00e9gique \u00e0 l\u2019OCDE, Duncan a dirig\u00e9 les efforts de l\u2019organisation visant \u00e0 mieux anticiper et pr\u00e9parer les perturbations futures et les probl\u00e8mes \u00e9mergents. Ce travail consistait \u00e0 diriger des initiatives collaboratives de prospective strat\u00e9gique afin d\u2019explorer les sc\u00e9narios futurs et leurs implications dans des domaines comme la transformation num\u00e9rique, les migrations, le changement climatique, la gouvernance et la g\u00e9opolitique. En 2021, Duncan et son \u00e9quipe ont lanc\u00e9 l\u2019initiative collaborative de prospective de l\u2019OCDE sur les risques existentiels mondiaux \u00e9mergents, dans le but de mieux informer les gouvernements et la communaut\u00e9 internationale sur les d\u00e9fis mondiaux futurs qui pourraient n\u00e9cessiter de nouvelles approches en mati\u00e8re de collaboration internationale. L\u2019un des principaux axes de ce travail portait sur les risques mondiaux futurs li\u00e9s \u00e0 l\u2019IA avanc\u00e9e, travail qui se poursuit dans le cadre du groupe d\u2019expert\u00b7es de l\u2019OCDE sur l\u2019avenir de l\u2019IA.<\/p><p>Avant de se joindre \u00e0 l\u2019OCDE, Duncan a occup\u00e9 divers postes au sein du gouvernement canadien, le plus r\u00e9cent \u00e9tant celui de directeur de la prospective strat\u00e9gique (2013-2016) chez Horizons de politiques Canada. \u00c0 ce titre, il a dirig\u00e9 des initiatives \u00e0 l\u2019\u00e9chelle du gouvernement visant \u00e0 explorer l\u2019avenir de diverses forces de transformation mondiales, telles que le d\u00e9veloppement technologique et l\u2019essor de l\u2019Asie, ainsi que leurs implications pour la soci\u00e9t\u00e9, l\u2019\u00e9conomie et le r\u00f4le du Canada dans le monde. Auparavant, Duncan a occup\u00e9 le poste de directeur des politiques \u00e0 moyen terme et des enjeux \u00e9mergents (2004-2013) au sein de la Direction g\u00e9n\u00e9rale des politiques d\u2019apprentissage d\u2019Emploi et D\u00e9veloppement social Canada, o\u00f9 son \u00e9quipe suivait les tendances \u00e9mergentes et les perturbations potentielles, et \u00e9laborait des strat\u00e9gies prospectives visant \u00e0 aider les Canadien\u00b7nes \u00e0 acqu\u00e9rir les connaissances et les comp\u00e9tences n\u00e9cessaires pour s\u2019\u00e9panouir dans l\u2019\u00e9conomie et la soci\u00e9t\u00e9 de demain. Duncan a \u00e9galement travaill\u00e9 dans divers domaines li\u00e9s aux politiques publiques, notamment la transformation organisationnelle, le f\u00e9d\u00e9ralisme, l\u2019\u00e9conomie sociale, l\u2019itin\u00e9rance, le d\u00e9veloppement communautaire, les personnes handicap\u00e9es, les relations internationales et le d\u00e9veloppement international.<\/p><p>Duncan a obtenu une ma\u00eetrise en sciences politiques sur l\u2019Asie et l\u2019Afrique de la School of Oriental and African Studies de l\u2019Universit\u00e9 de Londres, ainsi qu\u2019un baccalaur\u00e9at en \u00e9conomie et sciences politiques de l\u2019Universit\u00e9 McGill.<\/p><\/div><\/div><\/div><\/div>\t\t<\/div>\n\t\t\t\t<\/div>\n\t\t\t\t<div class=\"elementor-element elementor-element-c263e10 elementor-shape-rounded elementor-widget elementor-widget-wgl-social-icons\" data-id=\"c263e10\" data-element_type=\"widget\" data-widget_type=\"wgl-social-icons.default\">\n\t\t\t\t<div class=\"elementor-widget-container\">\n\t\t\t<div class=\"wgl-social-icons elementor-social-icons-wrapper\"><a class=\"elementor-icon elementor-social-icon elementor-social-icon-linkedin elementor-repeater-item-147f74f\" href=\"https:\/\/www.linkedin.com\/in\/duncan-cass-beggs-52b56478\/%20\" target=\"_blank\" title=\"Linkedin\"><span class=\"elementor-screen-only\">Linkedin<\/span><i class=\"fab fa-linkedin\"><\/i><\/a><\/div>\t\t<\/div>\n\t\t\t\t<\/div>\n\t\t\t\t\t<\/div>\n\t\t<\/div>\n\t\t\t\t\t<\/div>\n\t\t<\/section>\n\t\t\t\t<section class=\"elementor-section elementor-top-section elementor-element elementor-element-87486de elementor-section-boxed elementor-section-height-default elementor-section-height-default\" data-id=\"87486de\" data-element_type=\"section\">\n\t\t\t\t\t\t<div class=\"elementor-container elementor-column-gap-default\">\n\t\t\t\t\t<div class=\"elementor-column elementor-col-33 elementor-top-column elementor-element elementor-element-0cee068\" data-id=\"0cee068\" data-element_type=\"column\">\n\t\t\t<div class=\"elementor-widget-wrap elementor-element-populated\">\n\t\t\t\t\t\t<div class=\"elementor-element elementor-element-aa23264 elementor-widget elementor-widget-image\" data-id=\"aa23264\" data-element_type=\"widget\" data-widget_type=\"image.default\">\n\t\t\t\t<div class=\"elementor-widget-container\">\n\t\t\t\t\t\t\t\t\t\t\t\t\t<img decoding=\"async\" width=\"500\" height=\"500\" src=\"https:\/\/canadianigf.ca\/wp-content\/uploads\/2025\/10\/speakers-master_0011_Jon.jpg\" class=\"attachment-full size-full wp-image-8844\" alt=\"\" srcset=\"https:\/\/canadianigf.ca\/wp-content\/uploads\/2025\/10\/speakers-master_0011_Jon.jpg 500w, https:\/\/canadianigf.ca\/wp-content\/uploads\/2025\/10\/speakers-master_0011_Jon-300x300.jpg 300w, https:\/\/canadianigf.ca\/wp-content\/uploads\/2025\/10\/speakers-master_0011_Jon-150x150.jpg 150w\" sizes=\"(max-width: 500px) 100vw, 500px\" \/>\t\t\t\t\t\t\t\t\t\t\t\t\t<\/div>\n\t\t\t\t<\/div>\n\t\t\t\t\t<\/div>\n\t\t<\/div>\n\t\t\t\t<div class=\"elementor-column elementor-col-66 elementor-top-column elementor-element elementor-element-6eeab99\" data-id=\"6eeab99\" data-element_type=\"column\">\n\t\t\t<div class=\"elementor-widget-wrap elementor-element-populated\">\n\t\t\t\t\t\t<div class=\"elementor-element elementor-element-78af037 aleft elementor-widget elementor-widget-wgl-info-box\" data-id=\"78af037\" data-element_type=\"widget\" data-widget_type=\"wgl-info-box.default\">\n\t\t\t\t<div class=\"elementor-widget-container\">\n\t\t\t<div class=\"wgl-infobox\"><div class=\"wgl-infobox_wrapper\"><div class=\"content_wrapper\"><div class=\"wgl-infobox-title_wrapper\"><h6 class=\"wgl-infobox_title\"><span class=\"wgl-infobox_title-idle\">Table ronde 2 : La cybers\u00e9curit\u00e9 au Canada<\/span><\/h6><\/div><\/div><\/div><\/div>\t\t<\/div>\n\t\t\t\t<\/div>\n\t\t\t\t<div class=\"elementor-element elementor-element-24e2506 divider-yes aleft elementor-widget elementor-widget-wgl-double-heading\" data-id=\"24e2506\" data-element_type=\"widget\" data-widget_type=\"wgl-double-heading.default\">\n\t\t\t\t<div class=\"elementor-widget-container\">\n\t\t\t<div class=\"wgl-double-heading\"><div class=\"dblh__subtitle\">Vice-pr\u00e9sident, services de cybers\u00e9curit\u00e9 et de DNS, CIRA<\/div><div class=\"dblh__wrapper\"><h3 class=\"dblh__title-wrapper\"><span class=\"dblh__title dblh__title-1\">Jon Ferguson<\/span><\/h3><\/div><\/div>\t\t<\/div>\n\t\t\t\t<\/div>\n\t\t\t\t<div class=\"elementor-element elementor-element-3164a4d aleft elementor-widget elementor-widget-wgl-info-box\" data-id=\"3164a4d\" data-element_type=\"widget\" data-widget_type=\"wgl-info-box.default\">\n\t\t\t\t<div class=\"elementor-widget-container\">\n\t\t\t<div class=\"wgl-infobox\"><div class=\"wgl-infobox_wrapper\"><div class=\"content_wrapper\"><div class=\"wgl-infobox-title_wrapper\"><\/div><div class=\"wgl-infobox_content\"><p>Jon Ferguson dirige l\u2019unit\u00e9 de cybers\u00e9curit\u00e9 et des services DNS de CIRA, qui s\u2019appuie sur les services DNS de classe mondiale de l\u2019organisation pour fournir des services de cybers\u00e9curit\u00e9 et de formation aux Canadien\u00b7nes et \u00e0 la communaut\u00e9 Internet mondiale.<\/p><p>Au cours des 15\u00a0derni\u00e8res ann\u00e9es, Jon a occup\u00e9 des postes de direction de produits pour des organisations qui \u00e9laborent des solutions d\u2019Internet des objets et de cybers\u00e9curit\u00e9 distribu\u00e9es \u00e0 l\u2019\u00e9chelle mondiale. Avant de se joindre \u00e0 CIRA, il \u00e9tait directeur de l\u2019infrastructure \u00e0 cl\u00e9 publique et de l\u2019IdO chez Entrust o\u00f9 il a contribu\u00e9 \u00e0 lancer une gamme de produits, notamment des solutions de s\u00e9curit\u00e9 de nouvelle g\u00e9n\u00e9ration bas\u00e9es sur les logiciels-services, aupr\u00e8s de la client\u00e8le mondiale de l\u2019entreprise.<\/p><p>Jon est titulaire d\u2019un baccalaur\u00e9at en analyse g\u00e9ographique de la Toronto Metropolitan University. Il est un grand amateur de sport et vous le trouverez sur le terrain de golf, sur le terrain de baseball o\u00f9 il joue dans une ligue de balle rapide, ou dans la nature en train de faire des activit\u00e9s de plein air avec ses deux fils et sa femme.<\/p><\/div><\/div><\/div><\/div>\t\t<\/div>\n\t\t\t\t<\/div>\n\t\t\t\t<div class=\"elementor-element elementor-element-fc15a33 elementor-shape-rounded elementor-widget elementor-widget-wgl-social-icons\" data-id=\"fc15a33\" data-element_type=\"widget\" data-widget_type=\"wgl-social-icons.default\">\n\t\t\t\t<div class=\"elementor-widget-container\">\n\t\t\t<div class=\"wgl-social-icons elementor-social-icons-wrapper\"><a class=\"elementor-icon elementor-social-icon elementor-social-icon-linkedin elementor-repeater-item-147f74f\" href=\"https:\/\/www.linkedin.com\/in\/fergusonjon\/%20\" target=\"_blank\" title=\"Linkedin\"><span class=\"elementor-screen-only\">Linkedin<\/span><i class=\"fab fa-linkedin\"><\/i><\/a><\/div>\t\t<\/div>\n\t\t\t\t<\/div>\n\t\t\t\t\t<\/div>\n\t\t<\/div>\n\t\t\t\t\t<\/div>\n\t\t<\/section>\n\t\t\t\t<section class=\"elementor-section elementor-top-section elementor-element elementor-element-b5ef2f6 elementor-section-boxed elementor-section-height-default elementor-section-height-default\" data-id=\"b5ef2f6\" data-element_type=\"section\">\n\t\t\t\t\t\t<div class=\"elementor-container elementor-column-gap-default\">\n\t\t\t\t\t<div class=\"elementor-column elementor-col-33 elementor-top-column elementor-element elementor-element-41e159e\" data-id=\"41e159e\" data-element_type=\"column\">\n\t\t\t<div class=\"elementor-widget-wrap elementor-element-populated\">\n\t\t\t\t\t\t<div class=\"elementor-element elementor-element-a8fc70b elementor-widget elementor-widget-image\" data-id=\"a8fc70b\" data-element_type=\"widget\" data-widget_type=\"image.default\">\n\t\t\t\t<div class=\"elementor-widget-container\">\n\t\t\t\t\t\t\t\t\t\t\t\t\t<img decoding=\"async\" src=\"https:\/\/canadianigf.ca\/wp-content\/uploads\/elementor\/thumbs\/speakers-master_0000_Andre-Arbour-rdn4jfb7k72sl3o0og5hmpqln4dbsxj8ctqrl0xh1k.jpg\" title=\"speakers master_0000_Andre Arbour\" alt=\"speakers master_0000_Andre Arbour\" loading=\"lazy\" \/>\t\t\t\t\t\t\t\t\t\t\t\t\t<\/div>\n\t\t\t\t<\/div>\n\t\t\t\t\t<\/div>\n\t\t<\/div>\n\t\t\t\t<div class=\"elementor-column elementor-col-66 elementor-top-column elementor-element elementor-element-7ff0212\" data-id=\"7ff0212\" data-element_type=\"column\">\n\t\t\t<div class=\"elementor-widget-wrap elementor-element-populated\">\n\t\t\t\t\t\t<div class=\"elementor-element elementor-element-0613fda aleft elementor-widget elementor-widget-wgl-info-box\" data-id=\"0613fda\" data-element_type=\"widget\" data-widget_type=\"wgl-info-box.default\">\n\t\t\t\t<div class=\"elementor-widget-container\">\n\t\t\t<div class=\"wgl-infobox\"><div class=\"wgl-infobox_wrapper\"><div class=\"content_wrapper\"><div class=\"wgl-infobox-title_wrapper\"><h6 class=\"wgl-infobox_title\"><span class=\"wgl-infobox_title-idle\">Table ronde 2<\/span><\/h6><\/div><\/div><\/div><\/div>\t\t<\/div>\n\t\t\t\t<\/div>\n\t\t\t\t<div class=\"elementor-element elementor-element-d002bb5 divider-yes aleft elementor-widget elementor-widget-wgl-double-heading\" data-id=\"d002bb5\" data-element_type=\"widget\" data-widget_type=\"wgl-double-heading.default\">\n\t\t\t\t<div class=\"elementor-widget-container\">\n\t\t\t<div class=\"wgl-double-heading\"><div class=\"dblh__subtitle\">Directeur g\u00e9n\u00e9ral des politiques des t\u00e9l\u00e9communications et de l\u2019Internet \u00e0 Innovation, Sciences et D\u00e9veloppement \u00e9conomique Canada<\/div><div class=\"dblh__wrapper\"><h3 class=\"dblh__title-wrapper\"><span class=\"dblh__title dblh__title-1\">Andre Arbour<\/span><\/h3><\/div><\/div>\t\t<\/div>\n\t\t\t\t<\/div>\n\t\t\t\t<div class=\"elementor-element elementor-element-692f557 aleft elementor-widget elementor-widget-wgl-info-box\" data-id=\"692f557\" data-element_type=\"widget\" data-widget_type=\"wgl-info-box.default\">\n\t\t\t\t<div class=\"elementor-widget-container\">\n\t\t\t<div class=\"wgl-infobox\"><div class=\"wgl-infobox_wrapper\"><div class=\"content_wrapper\"><div class=\"wgl-infobox-title_wrapper\"><\/div><div class=\"wgl-infobox_content\"><p>Andre\u00a0Arbour est directeur g\u00e9n\u00e9ral des politiques des t\u00e9l\u00e9communications et de l\u2019Internet \u00e0 Innovation, Sciences et D\u00e9veloppement \u00e9conomique Canada. Il est responsable de la direction de l\u2019\u00e9laboration des politiques sur diverses questions li\u00e9es aux t\u00e9l\u00e9communications, notamment la concurrence dans les services Internet et mobiles, l\u2019acc\u00e8s en milieu rural, la neutralit\u00e9 du Net et la gouvernance internationale de l\u2019Internet. Il assume \u00e9galement des responsabilit\u00e9s plus larges li\u00e9es \u00e0 la <em>Loi sur les t\u00e9l\u00e9communications et aux relations<\/em> avec le Conseil de la radiodiffusion et des t\u00e9l\u00e9communications canadiennes (Canadian Radio-television and Telecommunications Commission, CRTC) concernant les t\u00e9l\u00e9communications.<\/p><p>Avant d\u2019occuper son poste actuel, il a occup\u00e9 une s\u00e9rie de fonctions dans les domaines des t\u00e9l\u00e9communications et des politiques publiques. Parmi ses initiatives pass\u00e9es figurent la direction de l\u2019\u00e9laboration de la premi\u00e8re Strat\u00e9gie nationale de connectivit\u00e9 du Canada, la supervision des politiques relatives \u00e0 un financement de 4\u00a0milliards de dollars pour les programmes de connectivit\u00e9, ainsi que l\u2019\u00e9laboration de politiques sur diverses questions li\u00e9es \u00e0 la concurrence et \u00e0 la protection des ainsi que l\u2019\u00e9laboration de politiques sur diverses questions li\u00e9es \u00e0 la concurrence et \u00e0 la protection des consommateur\u00b7rice\u00b7s.<\/p><p>Andre est titulaire d\u2019un baccalaur\u00e9at \u00e8s arts avec sp\u00e9cialisation en histoire et en science politique de l\u2019Universit\u00e9 de Toronto ainsi que d\u2019une ma\u00eetrise en administration publique de l\u2019Universit\u00e9 Carleton.<\/p><\/div><\/div><\/div><\/div>\t\t<\/div>\n\t\t\t\t<\/div>\n\t\t\t\t<div class=\"elementor-element elementor-element-ef98c57 elementor-shape-rounded elementor-widget elementor-widget-wgl-social-icons\" data-id=\"ef98c57\" data-element_type=\"widget\" data-widget_type=\"wgl-social-icons.default\">\n\t\t\t\t<div class=\"elementor-widget-container\">\n\t\t\t<div class=\"wgl-social-icons elementor-social-icons-wrapper\"><a class=\"elementor-icon elementor-social-icon elementor-social-icon-linkedin elementor-repeater-item-147f74f\" href=\"https:\/\/www.linkedin.com\/in\/andrearbour\/%20\" target=\"_blank\" title=\"Linkedin\"><span class=\"elementor-screen-only\">Linkedin<\/span><i class=\"fab fa-linkedin\"><\/i><\/a><\/div>\t\t<\/div>\n\t\t\t\t<\/div>\n\t\t\t\t\t<\/div>\n\t\t<\/div>\n\t\t\t\t\t<\/div>\n\t\t<\/section>\n\t\t\t\t<section class=\"elementor-section elementor-top-section elementor-element elementor-element-ccb8ad0 elementor-section-boxed elementor-section-height-default elementor-section-height-default\" data-id=\"ccb8ad0\" data-element_type=\"section\">\n\t\t\t\t\t\t<div class=\"elementor-container elementor-column-gap-default\">\n\t\t\t\t\t<div class=\"elementor-column elementor-col-33 elementor-top-column elementor-element elementor-element-79b0709\" data-id=\"79b0709\" data-element_type=\"column\">\n\t\t\t<div class=\"elementor-widget-wrap elementor-element-populated\">\n\t\t\t\t\t\t<div class=\"elementor-element elementor-element-bcd1161 elementor-widget elementor-widget-image\" data-id=\"bcd1161\" data-element_type=\"widget\" data-widget_type=\"image.default\">\n\t\t\t\t<div class=\"elementor-widget-container\">\n\t\t\t\t\t\t\t\t\t\t\t\t\t<img loading=\"lazy\" decoding=\"async\" width=\"500\" height=\"500\" src=\"https:\/\/canadianigf.ca\/wp-content\/uploads\/2025\/10\/speakers-master_0010_KateRobertsonMarksonLawLawyerProfileCriminalandRegulatoryLitigation.jpg\" class=\"attachment-full size-full wp-image-8842\" alt=\"\" srcset=\"https:\/\/canadianigf.ca\/wp-content\/uploads\/2025\/10\/speakers-master_0010_KateRobertsonMarksonLawLawyerProfileCriminalandRegulatoryLitigation.jpg 500w, https:\/\/canadianigf.ca\/wp-content\/uploads\/2025\/10\/speakers-master_0010_KateRobertsonMarksonLawLawyerProfileCriminalandRegulatoryLitigation-300x300.jpg 300w, https:\/\/canadianigf.ca\/wp-content\/uploads\/2025\/10\/speakers-master_0010_KateRobertsonMarksonLawLawyerProfileCriminalandRegulatoryLitigation-150x150.jpg 150w\" sizes=\"(max-width: 500px) 100vw, 500px\" \/>\t\t\t\t\t\t\t\t\t\t\t\t\t<\/div>\n\t\t\t\t<\/div>\n\t\t\t\t\t<\/div>\n\t\t<\/div>\n\t\t\t\t<div class=\"elementor-column elementor-col-66 elementor-top-column elementor-element elementor-element-377061e\" data-id=\"377061e\" data-element_type=\"column\">\n\t\t\t<div class=\"elementor-widget-wrap elementor-element-populated\">\n\t\t\t\t\t\t<div class=\"elementor-element elementor-element-a823c04 aleft elementor-widget elementor-widget-wgl-info-box\" data-id=\"a823c04\" data-element_type=\"widget\" data-widget_type=\"wgl-info-box.default\">\n\t\t\t\t<div class=\"elementor-widget-container\">\n\t\t\t<div class=\"wgl-infobox\"><div class=\"wgl-infobox_wrapper\"><div class=\"content_wrapper\"><div class=\"wgl-infobox-title_wrapper\"><h6 class=\"wgl-infobox_title\"><span class=\"wgl-infobox_title-idle\">Table ronde 2<\/span><\/h6><\/div><\/div><\/div><\/div>\t\t<\/div>\n\t\t\t\t<\/div>\n\t\t\t\t<div class=\"elementor-element elementor-element-58a5498 divider-yes aleft elementor-widget elementor-widget-wgl-double-heading\" data-id=\"58a5498\" data-element_type=\"widget\" data-widget_type=\"wgl-double-heading.default\">\n\t\t\t\t<div class=\"elementor-widget-container\">\n\t\t\t<div class=\"wgl-double-heading\"><div class=\"dblh__subtitle\">Chercheuse principale au Citizen Lab de la Munk School of Global Affairs & Public Policy, Universit\u00e9 de Toronto<\/div><div class=\"dblh__wrapper\"><h3 class=\"dblh__title-wrapper\"><span class=\"dblh__title dblh__title-1\">Kate Robertson<\/span><\/h3><\/div><\/div>\t\t<\/div>\n\t\t\t\t<\/div>\n\t\t\t\t<div class=\"elementor-element elementor-element-f0f02a0 aleft elementor-widget elementor-widget-wgl-info-box\" data-id=\"f0f02a0\" data-element_type=\"widget\" data-widget_type=\"wgl-info-box.default\">\n\t\t\t\t<div class=\"elementor-widget-container\">\n\t\t\t<div class=\"wgl-infobox\"><div class=\"wgl-infobox_wrapper\"><div class=\"content_wrapper\"><div class=\"wgl-infobox-title_wrapper\"><\/div><div class=\"wgl-infobox_content\"><p>Kate\u00a0Robertson est chercheuse principale au Citizen Lab de la Munk School of Global Affairs &amp; Public Policy de l\u2019Universit\u00e9 de Toronto. Ses recherches explorent l\u2019intersection du droit, des politiques et de la technologie, et portent sur les m\u00e9canismes de transparence et de reddition de comptes li\u00e9s aux relations entre les entreprises et les organismes gouvernementaux dans l\u2019utilisation des donn\u00e9es personnelles et d\u2019autres activit\u00e9s de surveillance. Elle a publi\u00e9 des rapports sur les droits de la personne portant sur les technologies \u00e9mergentes et a repr\u00e9sent\u00e9 des organisations d\u2019int\u00e9r\u00eat public dans des affaires li\u00e9es aux droits num\u00e9riques devant la Cour supr\u00eame du Canada. Elle s\u2019appuie sur son exp\u00e9rience ant\u00e9rieure en tant qu\u2019auxiliaire juridique \u00e0 la Cour supr\u00eame, puis comme avocate en droit criminel au sein du syst\u00e8me de justice canadien.<\/p><\/div><\/div><\/div><\/div>\t\t<\/div>\n\t\t\t\t<\/div>\n\t\t\t\t<div class=\"elementor-element elementor-element-ffbec1c elementor-shape-rounded elementor-widget elementor-widget-wgl-social-icons\" data-id=\"ffbec1c\" data-element_type=\"widget\" data-widget_type=\"wgl-social-icons.default\">\n\t\t\t\t<div class=\"elementor-widget-container\">\n\t\t\t<div class=\"wgl-social-icons elementor-social-icons-wrapper\"><a class=\"elementor-icon elementor-social-icon elementor-social-icon-linkedin elementor-repeater-item-147f74f\" href=\"https:\/\/www.linkedin.com\/in\/kate-robertson-0295673b\/%20\" target=\"_blank\" title=\"Linkedin\"><span class=\"elementor-screen-only\">Linkedin<\/span><i class=\"fab fa-linkedin\"><\/i><\/a><\/div>\t\t<\/div>\n\t\t\t\t<\/div>\n\t\t\t\t\t<\/div>\n\t\t<\/div>\n\t\t\t\t\t<\/div>\n\t\t<\/section>\n\t\t\t\t<section class=\"elementor-section elementor-top-section elementor-element elementor-element-636f643 elementor-section-boxed elementor-section-height-default elementor-section-height-default\" data-id=\"636f643\" data-element_type=\"section\">\n\t\t\t\t\t\t<div class=\"elementor-container elementor-column-gap-default\">\n\t\t\t\t\t<div class=\"elementor-column elementor-col-33 elementor-top-column elementor-element elementor-element-8f7e754\" data-id=\"8f7e754\" data-element_type=\"column\">\n\t\t\t<div class=\"elementor-widget-wrap elementor-element-populated\">\n\t\t\t\t\t\t<div class=\"elementor-element elementor-element-000df5d elementor-widget elementor-widget-image\" data-id=\"000df5d\" data-element_type=\"widget\" data-widget_type=\"image.default\">\n\t\t\t\t<div class=\"elementor-widget-container\">\n\t\t\t\t\t\t\t\t\t\t\t\t\t<img loading=\"lazy\" decoding=\"async\" width=\"500\" height=\"500\" src=\"https:\/\/canadianigf.ca\/wp-content\/uploads\/2025\/10\/speakers-master_0017_Brent-J.-Arnold.jpg\" class=\"attachment-full size-full wp-image-8856\" alt=\"\" srcset=\"https:\/\/canadianigf.ca\/wp-content\/uploads\/2025\/10\/speakers-master_0017_Brent-J.-Arnold.jpg 500w, https:\/\/canadianigf.ca\/wp-content\/uploads\/2025\/10\/speakers-master_0017_Brent-J.-Arnold-300x300.jpg 300w, https:\/\/canadianigf.ca\/wp-content\/uploads\/2025\/10\/speakers-master_0017_Brent-J.-Arnold-150x150.jpg 150w\" sizes=\"(max-width: 500px) 100vw, 500px\" \/>\t\t\t\t\t\t\t\t\t\t\t\t\t<\/div>\n\t\t\t\t<\/div>\n\t\t\t\t\t<\/div>\n\t\t<\/div>\n\t\t\t\t<div class=\"elementor-column elementor-col-66 elementor-top-column elementor-element elementor-element-15bbcf3\" data-id=\"15bbcf3\" data-element_type=\"column\">\n\t\t\t<div class=\"elementor-widget-wrap elementor-element-populated\">\n\t\t\t\t\t\t<div class=\"elementor-element elementor-element-cd101fb aleft elementor-widget elementor-widget-wgl-info-box\" data-id=\"cd101fb\" data-element_type=\"widget\" data-widget_type=\"wgl-info-box.default\">\n\t\t\t\t<div class=\"elementor-widget-container\">\n\t\t\t<div class=\"wgl-infobox\"><div class=\"wgl-infobox_wrapper\"><div class=\"content_wrapper\"><div class=\"wgl-infobox-title_wrapper\"><h6 class=\"wgl-infobox_title\"><span class=\"wgl-infobox_title-idle\">Mod\u00e9rateur<\/span><\/h6><\/div><\/div><\/div><\/div>\t\t<\/div>\n\t\t\t\t<\/div>\n\t\t\t\t<div class=\"elementor-element elementor-element-d0e5601 divider-yes aleft elementor-widget elementor-widget-wgl-double-heading\" data-id=\"d0e5601\" data-element_type=\"widget\" data-widget_type=\"wgl-double-heading.default\">\n\t\t\t\t<div class=\"elementor-widget-container\">\n\t\t\t<div class=\"wgl-double-heading\"><div class=\"dblh__subtitle\">Fondateur, Capstan Legal<\/div><div class=\"dblh__wrapper\"><h3 class=\"dblh__title-wrapper\"><span class=\"dblh__title dblh__title-1\">Brent Arnold<\/span><\/h3><\/div><\/div>\t\t<\/div>\n\t\t\t\t<\/div>\n\t\t\t\t<div class=\"elementor-element elementor-element-f971b5c aleft elementor-widget elementor-widget-wgl-info-box\" data-id=\"f971b5c\" data-element_type=\"widget\" data-widget_type=\"wgl-info-box.default\">\n\t\t\t\t<div class=\"elementor-widget-container\">\n\t\t\t<div class=\"wgl-infobox\"><div class=\"wgl-infobox_wrapper\"><div class=\"content_wrapper\"><div class=\"wgl-infobox-title_wrapper\"><\/div><div class=\"wgl-infobox_content\"><p>Brent\u00a0J.\u00a0Arnold est le fondateur de Capstan Legal et un avocat plaideur chevronn\u00e9 comptant plus de 20\u00a0ans d\u2019exp\u00e9rience, sp\u00e9cialis\u00e9 en cybers\u00e9curit\u00e9, en protection de la vie priv\u00e9e et en litiges commerciaux. Il a plaid\u00e9 devant toutes les instances judiciaires de l\u2019Ontario, y compris la Cour supr\u00eame du Canada, et a \u00e9t\u00e9 reconnu dans <em>Best Lawyers\u2122<\/em> <em>in Canada<\/em> ainsi que dans le <em>r\u00e9pertoire Lexpert<\/em>. Brent est un chef de file et conf\u00e9rencier respect\u00e9, pr\u00e9sident de la Soci\u00e9t\u00e9 Internet du Canada et d\u00e9tenteur de postes de direction au sein de plusieurs organisations juridiques et technologiques. Son expertise se situe \u00e0 l\u2019intersection du droit et de la technologie, o\u00f9 il offre des conseils pratiques sur la gestion des cyberrisques et des incidents de violation de donn\u00e9es.<\/p><\/div><\/div><\/div><\/div>\t\t<\/div>\n\t\t\t\t<\/div>\n\t\t\t\t<div class=\"elementor-element elementor-element-02db296 elementor-shape-rounded elementor-widget elementor-widget-wgl-social-icons\" data-id=\"02db296\" data-element_type=\"widget\" data-widget_type=\"wgl-social-icons.default\">\n\t\t\t\t<div class=\"elementor-widget-container\">\n\t\t\t<div class=\"wgl-social-icons elementor-social-icons-wrapper\"><a class=\"elementor-icon elementor-social-icon elementor-social-icon-linkedin elementor-repeater-item-147f74f\" href=\"https:\/\/www.linkedin.com\/in\/kate-robertson-0295673b\/%20\" target=\"_blank\" title=\"Linkedin\"><span class=\"elementor-screen-only\">Linkedin<\/span><i class=\"fab fa-linkedin\"><\/i><\/a><\/div>\t\t<\/div>\n\t\t\t\t<\/div>\n\t\t\t\t\t<\/div>\n\t\t<\/div>\n\t\t\t\t\t<\/div>\n\t\t<\/section>\n\t\t\t\t<section class=\"elementor-section elementor-top-section elementor-element elementor-element-c670d52 elementor-section-boxed elementor-section-height-default elementor-section-height-default\" data-id=\"c670d52\" data-element_type=\"section\">\n\t\t\t\t\t\t<div class=\"elementor-container elementor-column-gap-default\">\n\t\t\t\t\t<div class=\"elementor-column elementor-col-33 elementor-top-column elementor-element elementor-element-fe9e3ea\" data-id=\"fe9e3ea\" data-element_type=\"column\">\n\t\t\t<div class=\"elementor-widget-wrap elementor-element-populated\">\n\t\t\t\t\t\t<div class=\"elementor-element elementor-element-7c0e568 elementor-widget elementor-widget-image\" data-id=\"7c0e568\" data-element_type=\"widget\" data-widget_type=\"image.default\">\n\t\t\t\t<div class=\"elementor-widget-container\">\n\t\t\t\t\t\t\t\t\t\t\t\t\t<img loading=\"lazy\" decoding=\"async\" width=\"500\" height=\"500\" src=\"https:\/\/canadianigf.ca\/wp-content\/uploads\/2025\/10\/speakers-master_0007_Marie-Julie.jpg\" class=\"attachment-full size-full wp-image-8836\" alt=\"\" srcset=\"https:\/\/canadianigf.ca\/wp-content\/uploads\/2025\/10\/speakers-master_0007_Marie-Julie.jpg 500w, https:\/\/canadianigf.ca\/wp-content\/uploads\/2025\/10\/speakers-master_0007_Marie-Julie-300x300.jpg 300w, https:\/\/canadianigf.ca\/wp-content\/uploads\/2025\/10\/speakers-master_0007_Marie-Julie-150x150.jpg 150w\" sizes=\"(max-width: 500px) 100vw, 500px\" \/>\t\t\t\t\t\t\t\t\t\t\t\t\t<\/div>\n\t\t\t\t<\/div>\n\t\t\t\t\t<\/div>\n\t\t<\/div>\n\t\t\t\t<div class=\"elementor-column elementor-col-66 elementor-top-column elementor-element elementor-element-c050548\" data-id=\"c050548\" data-element_type=\"column\">\n\t\t\t<div class=\"elementor-widget-wrap elementor-element-populated\">\n\t\t\t\t\t\t<div class=\"elementor-element elementor-element-cb7d0ee aleft elementor-widget elementor-widget-wgl-info-box\" data-id=\"cb7d0ee\" data-element_type=\"widget\" data-widget_type=\"wgl-info-box.default\">\n\t\t\t\t<div class=\"elementor-widget-container\">\n\t\t\t<div class=\"wgl-infobox\"><div class=\"wgl-infobox_wrapper\"><div class=\"content_wrapper\"><div class=\"wgl-infobox-title_wrapper\"><h6 class=\"wgl-infobox_title\"><span class=\"wgl-infobox_title-idle\">Discours principal 2<\/span><\/h6><\/div><\/div><\/div><\/div>\t\t<\/div>\n\t\t\t\t<\/div>\n\t\t\t\t<div class=\"elementor-element elementor-element-76ab62f divider-yes aleft elementor-widget elementor-widget-wgl-double-heading\" data-id=\"76ab62f\" data-element_type=\"widget\" data-widget_type=\"wgl-double-heading.default\">\n\t\t\t\t<div class=\"elementor-widget-container\">\n\t\t\t<div class=\"wgl-double-heading\"><div class=\"dblh__subtitle\">Directrice g\u00e9n\u00e9rale de la Coalition pour la diversit\u00e9 des expressions culturelles<\/div><div class=\"dblh__wrapper\"><h3 class=\"dblh__title-wrapper\"><span class=\"dblh__title dblh__title-1\">Marie-Julie Desrochers<\/span><\/h3><\/div><\/div>\t\t<\/div>\n\t\t\t\t<\/div>\n\t\t\t\t<div class=\"elementor-element elementor-element-7877498 aleft elementor-widget elementor-widget-wgl-info-box\" data-id=\"7877498\" data-element_type=\"widget\" data-widget_type=\"wgl-info-box.default\">\n\t\t\t\t<div class=\"elementor-widget-container\">\n\t\t\t<div class=\"wgl-infobox\"><div class=\"wgl-infobox_wrapper\"><div class=\"content_wrapper\"><div class=\"wgl-infobox-title_wrapper\"><\/div><div class=\"wgl-infobox_content\"><p>\u00c0 titre de directrice g\u00e9n\u00e9rale de la Coalition pour la diversit\u00e9 des expressions culturelles, Marie-Julie\u00a0Desrochers favorise l\u2019action concert\u00e9e et la mobilisation du milieu culturel canadien pour la protection et la promotion de la diversit\u00e9 des expressions culturelles. Elle est \u00e9galement secr\u00e9taire g\u00e9n\u00e9rale de la F\u00e9d\u00e9ration internationale des coalitions pour la diversit\u00e9 culturelle, ce qui l\u2019a amen\u00e9e \u00e0 participer activement aux travaux de l\u2019UNESCO sur la Convention de 2005 pour la protection et la promotion de la diversit\u00e9 des expressions culturelles, ainsi qu\u2019\u00e0 prendre part \u00e0 des groupes de travail reliant culture et d\u00e9veloppement durable. Auparavant, elle a travaill\u00e9 \u00e0 l\u2019Association qu\u00e9b\u00e9coise de l\u2019industrie du disque, du spectacle et de la vid\u00e9o (ADISQ), notamment dans les domaines des affaires r\u00e9glementaires et de la recherche. Elle est titulaire d\u2019une ma\u00eetrise en \u00e9tudes litt\u00e9raires, d\u2019un baccalaur\u00e9at en litt\u00e9rature de langue fran\u00e7aise et d\u2019un dipl\u00f4me en arts et technologies des m\u00e9dias.<\/p><\/div><\/div><\/div><\/div>\t\t<\/div>\n\t\t\t\t<\/div>\n\t\t\t\t<div class=\"elementor-element elementor-element-47575ab elementor-shape-rounded elementor-widget elementor-widget-wgl-social-icons\" data-id=\"47575ab\" data-element_type=\"widget\" data-widget_type=\"wgl-social-icons.default\">\n\t\t\t\t<div class=\"elementor-widget-container\">\n\t\t\t<div class=\"wgl-social-icons elementor-social-icons-wrapper\"><a class=\"elementor-icon elementor-social-icon elementor-social-icon-linkedin elementor-repeater-item-147f74f\" href=\"https:\/\/www.linkedin.com\/in\/marie-julie-desrochers-5437a650\/%20\" target=\"_blank\" title=\"Linkedin\"><span class=\"elementor-screen-only\">Linkedin<\/span><i class=\"fab fa-linkedin\"><\/i><\/a><\/div>\t\t<\/div>\n\t\t\t\t<\/div>\n\t\t\t\t\t<\/div>\n\t\t<\/div>\n\t\t\t\t\t<\/div>\n\t\t<\/section>\n\t\t\t\t<section class=\"elementor-section elementor-top-section elementor-element elementor-element-dc67b5f elementor-section-boxed elementor-section-height-default elementor-section-height-default\" data-id=\"dc67b5f\" data-element_type=\"section\">\n\t\t\t\t\t\t<div class=\"elementor-container elementor-column-gap-default\">\n\t\t\t\t\t<div class=\"elementor-column elementor-col-33 elementor-top-column elementor-element elementor-element-9231b4f\" data-id=\"9231b4f\" data-element_type=\"column\">\n\t\t\t<div class=\"elementor-widget-wrap elementor-element-populated\">\n\t\t\t\t\t\t<div class=\"elementor-element elementor-element-2c7a30c elementor-widget elementor-widget-image\" data-id=\"2c7a30c\" data-element_type=\"widget\" data-widget_type=\"image.default\">\n\t\t\t\t<div class=\"elementor-widget-container\">\n\t\t\t\t\t\t\t\t\t\t\t\t\t<img loading=\"lazy\" decoding=\"async\" width=\"1103\" height=\"1066\" src=\"https:\/\/canadianigf.ca\/wp-content\/uploads\/2025\/11\/ACHeadshot_2.jpg\" class=\"attachment-full size-full wp-image-9178\" alt=\"\" srcset=\"https:\/\/canadianigf.ca\/wp-content\/uploads\/2025\/11\/ACHeadshot_2.jpg 1103w, https:\/\/canadianigf.ca\/wp-content\/uploads\/2025\/11\/ACHeadshot_2-300x290.jpg 300w, https:\/\/canadianigf.ca\/wp-content\/uploads\/2025\/11\/ACHeadshot_2-1024x990.jpg 1024w, https:\/\/canadianigf.ca\/wp-content\/uploads\/2025\/11\/ACHeadshot_2-768x742.jpg 768w\" sizes=\"(max-width: 1103px) 100vw, 1103px\" \/>\t\t\t\t\t\t\t\t\t\t\t\t\t<\/div>\n\t\t\t\t<\/div>\n\t\t\t\t\t<\/div>\n\t\t<\/div>\n\t\t\t\t<div class=\"elementor-column elementor-col-66 elementor-top-column elementor-element elementor-element-b3dfac1\" data-id=\"b3dfac1\" data-element_type=\"column\">\n\t\t\t<div class=\"elementor-widget-wrap elementor-element-populated\">\n\t\t\t\t\t\t<div class=\"elementor-element elementor-element-00814f3 aleft elementor-widget elementor-widget-wgl-info-box\" data-id=\"00814f3\" data-element_type=\"widget\" data-widget_type=\"wgl-info-box.default\">\n\t\t\t\t<div class=\"elementor-widget-container\">\n\t\t\t<div class=\"wgl-infobox\"><div class=\"wgl-infobox_wrapper\"><div class=\"content_wrapper\"><div class=\"wgl-infobox-title_wrapper\"><h6 class=\"wgl-infobox_title\"><span class=\"wgl-infobox_title-idle\">Table ronde 3 : Gouvernance de l\u2019IA : la prochaine limite en mati\u00e8re de politique num\u00e9rique<\/span><\/h6><\/div><\/div><\/div><\/div>\t\t<\/div>\n\t\t\t\t<\/div>\n\t\t\t\t<div class=\"elementor-element elementor-element-cb899af divider-yes aleft elementor-widget elementor-widget-wgl-double-heading\" data-id=\"cb899af\" data-element_type=\"widget\" data-widget_type=\"wgl-double-heading.default\">\n\t\t\t\t<div class=\"elementor-widget-container\">\n\t\t\t<div class=\"wgl-double-heading\"><div class=\"dblh__subtitle\">Directrice g\u00e9n\u00e9rale du Centre de gouvernance de l'IAPP<\/div><div class=\"dblh__wrapper\"><h3 class=\"dblh__title-wrapper\"><span class=\"dblh__title dblh__title-1\">Ashley Casovan<\/span><\/h3><\/div><\/div>\t\t<\/div>\n\t\t\t\t<\/div>\n\t\t\t\t<div class=\"elementor-element elementor-element-4152211 aleft elementor-widget elementor-widget-wgl-info-box\" data-id=\"4152211\" data-element_type=\"widget\" data-widget_type=\"wgl-info-box.default\">\n\t\t\t\t<div class=\"elementor-widget-container\">\n\t\t\t<div class=\"wgl-infobox\"><div class=\"wgl-infobox_wrapper\"><div class=\"content_wrapper\"><div class=\"wgl-infobox-title_wrapper\"><\/div><div class=\"wgl-infobox_content\"><p><span data-contrast=\"auto\">Ashley est une experte reconnue en mati\u00e8re de politiques technologiques qui a consacr\u00e9 sa carri\u00e8re \u00e0 veiller \u00e0 ce que les donn\u00e9es et les technologies soient utilis\u00e9es de mani\u00e8re positive afin de promouvoir l'innovation tout en prot\u00e9geant le public. Elle occupe actuellement le poste de directrice g\u00e9n\u00e9rale du centre de gouvernance de l\u2019IA de l\u2019IAPP, une\u00a0association professionnelle qui \u0153uvre \u00e0 l'\u00e9laboration, \u00e0 la d\u00e9finition et \u00e0 la promotion de pratiques positives en mati\u00e8re de gouvernance de l'IA. Avant de se joindre \u00e0 l\u2019IAPP, elle \u00e9tait directrice g\u00e9n\u00e9rale du Responsible AI Institute (RAII), un organisme sans but lucratif multipartite qui se consacre \u00e0 att\u00e9nuer les dommages et les cons\u00e9quences impr\u00e9vues des syst\u00e8mes d'IA gr\u00e2ce \u00e0 l'\u00e9laboration d'une certification et de normes pour ces syst\u00e8mes. Son int\u00e9r\u00eat et son travail dans le domaine de la politique en mati\u00e8re d'IA ont commenc\u00e9 au sein du gouvernement canadien lorsqu'elle \u00e9tait directrice des donn\u00e9es et du num\u00e9rique au Secr\u00e9tariat du Conseil du Tr\u00e9sor. Elle y a dirig\u00e9 l'\u00e9laboration du premier ensemble de r\u00e8gles r\u00e9gissant l'utilisation responsable de l'IA par la fonction publique, qui reste aujourd'hui la r\u00e9f\u00e9rence mondiale en mati\u00e8re de politique d'IA.\u00a0<\/span><span data-ccp-props=\"{&quot;335559738&quot;:20,&quot;335559739&quot;:20}\">\u00a0<\/span><\/p><p><span data-contrast=\"auto\">Nomm\u00e9e professeure auxiliaire \u00e0 la Carleton\u2019s School of Public Policy and Administration,\u00a0Ashley poursuit ses recherches \u00e0 la crois\u00e9e des donn\u00e9es, de l'IA, des normes et de la politique. Ses int\u00e9r\u00eats et son expertise lui ont permis de rester au fait des questions cl\u00e9s li\u00e9es \u00e0 la r\u00e9glementation et \u00e0 la surveillance de l'IA.\u00a0<\/span><span data-ccp-props=\"{&quot;335559738&quot;:20,&quot;335559739&quot;:20}\">\u00a0<\/span><\/p><p><span data-contrast=\"auto\">Consciente de l'importance du partage des connaissances et de l'acquisition d'informations sur l'\u00e9cosyst\u00e8me mondial de l'IA,\u00a0Ashley est membre du R\u00e9seau d'expert\u00b7es de l'OCDE (ONE AI), copr\u00e9sidente du Conseil canadien des normes (CCN) pour l'IA et les normes relatives aux donn\u00e9es, membre du conseil d'administration du Centre d'expertise international de Montr\u00e9al en intelligence artificielle (CEIMIA) et membre du Conseil mondial de l'industrie (GIC) de l'IFIP\/IP3 au sein des Nations Unies. Elle consacre \u00e9galement une partie de son temps \u00e0 si\u00e9ger en tant que membre experte du comit\u00e9 consultatif du Global Index on Responsible AI, de la revue juridique et politique de premier plan AIRe, ainsi que de diverses initiatives universitaires.<\/span><span data-ccp-props=\"{&quot;335559738&quot;:20,&quot;335559739&quot;:20}\">\u00a0<\/span><\/p><\/div><\/div><\/div><\/div>\t\t<\/div>\n\t\t\t\t<\/div>\n\t\t\t\t<div class=\"elementor-element elementor-element-b8bbd82 elementor-shape-rounded elementor-widget elementor-widget-wgl-social-icons\" data-id=\"b8bbd82\" data-element_type=\"widget\" data-widget_type=\"wgl-social-icons.default\">\n\t\t\t\t<div class=\"elementor-widget-container\">\n\t\t\t<div class=\"wgl-social-icons elementor-social-icons-wrapper\"><a class=\"elementor-icon elementor-social-icon elementor-social-icon-linkedin elementor-repeater-item-147f74f\" href=\"https:\/\/www.linkedin.com\/in\/ashley-casovan-b3247211\/\" target=\"_blank\" title=\"Linkedin\"><span class=\"elementor-screen-only\">Linkedin<\/span><i class=\"fab fa-linkedin\"><\/i><\/a><\/div>\t\t<\/div>\n\t\t\t\t<\/div>\n\t\t\t\t\t<\/div>\n\t\t<\/div>\n\t\t\t\t\t<\/div>\n\t\t<\/section>\n\t\t\t\t<section class=\"elementor-section elementor-top-section elementor-element elementor-element-15c7fe3 elementor-section-boxed elementor-section-height-default elementor-section-height-default\" data-id=\"15c7fe3\" data-element_type=\"section\">\n\t\t\t\t\t\t<div class=\"elementor-container elementor-column-gap-default\">\n\t\t\t\t\t<div class=\"elementor-column elementor-col-33 elementor-top-column elementor-element elementor-element-ff81cc9\" data-id=\"ff81cc9\" data-element_type=\"column\">\n\t\t\t<div class=\"elementor-widget-wrap elementor-element-populated\">\n\t\t\t\t\t\t<div class=\"elementor-element elementor-element-5729e97 elementor-widget elementor-widget-image\" data-id=\"5729e97\" data-element_type=\"widget\" data-widget_type=\"image.default\">\n\t\t\t\t<div class=\"elementor-widget-container\">\n\t\t\t\t\t\t\t\t\t\t\t\t\t<img loading=\"lazy\" decoding=\"async\" width=\"500\" height=\"500\" src=\"https:\/\/canadianigf.ca\/wp-content\/uploads\/2025\/10\/speakers-master_0019_Mark-schaan.jpg\" class=\"attachment-full size-full wp-image-8860\" alt=\"\" srcset=\"https:\/\/canadianigf.ca\/wp-content\/uploads\/2025\/10\/speakers-master_0019_Mark-schaan.jpg 500w, https:\/\/canadianigf.ca\/wp-content\/uploads\/2025\/10\/speakers-master_0019_Mark-schaan-300x300.jpg 300w, https:\/\/canadianigf.ca\/wp-content\/uploads\/2025\/10\/speakers-master_0019_Mark-schaan-150x150.jpg 150w\" sizes=\"(max-width: 500px) 100vw, 500px\" \/>\t\t\t\t\t\t\t\t\t\t\t\t\t<\/div>\n\t\t\t\t<\/div>\n\t\t\t\t\t<\/div>\n\t\t<\/div>\n\t\t\t\t<div class=\"elementor-column elementor-col-66 elementor-top-column elementor-element elementor-element-0d350d4\" data-id=\"0d350d4\" data-element_type=\"column\">\n\t\t\t<div class=\"elementor-widget-wrap elementor-element-populated\">\n\t\t\t\t\t\t<div class=\"elementor-element elementor-element-99f7b58 aleft elementor-widget elementor-widget-wgl-info-box\" data-id=\"99f7b58\" data-element_type=\"widget\" data-widget_type=\"wgl-info-box.default\">\n\t\t\t\t<div class=\"elementor-widget-container\">\n\t\t\t<div class=\"wgl-infobox\"><div class=\"wgl-infobox_wrapper\"><div class=\"content_wrapper\"><div class=\"wgl-infobox-title_wrapper\"><h6 class=\"wgl-infobox_title\"><span class=\"wgl-infobox_title-idle\">Table ronde 3<\/span><\/h6><\/div><\/div><\/div><\/div>\t\t<\/div>\n\t\t\t\t<\/div>\n\t\t\t\t<div class=\"elementor-element elementor-element-dd85269 divider-yes aleft elementor-widget elementor-widget-wgl-double-heading\" data-id=\"dd85269\" data-element_type=\"widget\" data-widget_type=\"wgl-double-heading.default\">\n\t\t\t\t<div class=\"elementor-widget-container\">\n\t\t\t<div class=\"wgl-double-heading\"><div class=\"dblh__subtitle\">Sous-ministre d\u00e9l\u00e9gu\u00e9, Innovation, Sciences et D\u00e9veloppement \u00e9conomique Canada<\/div><div class=\"dblh__wrapper\"><h3 class=\"dblh__title-wrapper\"><span class=\"dblh__title dblh__title-1\">Mark Schaan<\/span><\/h3><\/div><\/div>\t\t<\/div>\n\t\t\t\t<\/div>\n\t\t\t\t<div class=\"elementor-element elementor-element-9dc67bb aleft elementor-widget elementor-widget-wgl-info-box\" data-id=\"9dc67bb\" data-element_type=\"widget\" data-widget_type=\"wgl-info-box.default\">\n\t\t\t\t<div class=\"elementor-widget-container\">\n\t\t\t<div class=\"wgl-infobox\"><div class=\"wgl-infobox_wrapper\"><div class=\"content_wrapper\"><div class=\"wgl-infobox-title_wrapper\"><\/div><div class=\"wgl-infobox_content\"><p>Mark Schaan est sous-ministre d\u00e9l\u00e9gu\u00e9 \u00e0 Innovation, Sciences et D\u00e9veloppement \u00e9conomique Canada (ISDE), confirm\u00e9 en octobre 2025, qui repose sur la directive du premier ministre de juillet 2025, qui le d\u00e9signait comme sous-ministre charg\u00e9 du soutien direct au ministre de l'Intelligence artificielle (IA) et de l'Innovation num\u00e9rique. Dans le cadre de ces fonctions, Mark soutient le programme industriel canadien en mati\u00e8re d'IA et de num\u00e9rique, \u0153uvrant \u00e0 faire du pays un leader mondial du d\u00e9veloppement et de l'utilisation responsables de ces technologies. Il \u00e9tait sous-secr\u00e9taire adjoint du Cabinet \u2013 Intelligence\u00a0artificielle en juillet\u00a02024. Dans ce r\u00f4le, il soutenait l\u2019ensemble du programme en mati\u00e8re d\u2019intelligence artificielle, cherchant \u00e0 positionner le Canada comme chef de file dans le d\u00e9veloppement et l\u2019utilisation responsables de cette technologie.<\/p><p>Avant cela, Mark a occup\u00e9 le poste de sous-ministre adjoint principal, Strat\u00e9gie et\u00a0Politiques d\u2019innovation, au minist\u00e8re de l\u2019Innovation, des Sciences et du D\u00e9veloppement \u00e9conomique (ISDE). Dans ce r\u00f4le, il a dirig\u00e9 l\u2019ensemble du programme micro\u00e9conomique et d\u2019innovation, notamment en soutenant l\u2019\u00e9laboration des politiques horizontales et des priorit\u00e9s strat\u00e9giques du minist\u00e8re, y compris dans les affaires internationales, les t\u00e9l\u00e9communications, la s\u00e9curit\u00e9 \u00e9conomique et tous les aspects des cadres du march\u00e9.<\/p><p>La carri\u00e8re de Mark a \u00e9t\u00e9 marqu\u00e9e par ce travail transversal en mati\u00e8re de politiques et de cadres strat\u00e9giques, notamment par la direction de vastes consultations et r\u00e9formes\u00a0dans les domaines des t\u00e9l\u00e9communications, de l\u2019examen des investissements, de la propri\u00e9t\u00e9 intellectuelle, de l\u2019insolvabilit\u00e9, de la protection de la vie priv\u00e9e et de l\u2019intelligence artificielle. La carri\u00e8re de Mark dans la fonction publique comprend divers r\u00f4les dans tout le spectre des politiques publiques, ainsi qu\u2019un leadership dans la revitalisation de la fonction publique\u00a0gr\u00e2ce \u00e0 des mod\u00e8les de recrutement novateurs.<\/p><p>Mark a obtenu un baccalaur\u00e9at avec sp\u00e9cialisation en sciences politiques de l\u2019Universit\u00e9 de Waterloo, avec une option en \u00e9tudes de la paix et des conflits en 2002, o\u00f9 il a\u00a0\u00e9tudi\u00e9 \u00e0 titre de boursier Loran. Il a ensuite obtenu une ma\u00eetrise en politiques sociales compar\u00e9es en 2004 et un doctorat en politiques sociales en 2010 de l\u2019Universit\u00e9 d\u2019Oxford, o\u00f9 il a \u00e9tudi\u00e9 \u00e0 titre de boursier Rhodes. Mark est \u00e9galement tr\u00e8s engag\u00e9 dans sa communaut\u00e9\u00a0: il pr\u00e9side le conseil d\u2019administration de la Galerie d\u2019art d\u2019Ottawa, poursuit son implication aupr\u00e8s de la Fondation des boursiers Loran et a d\u00e9j\u00e0 exerc\u00e9 des fonctions de leadership au sein du Ten Oaks Project pour les jeunes et les familles 2SLGBTQ+.<\/p><\/div><\/div><\/div><\/div>\t\t<\/div>\n\t\t\t\t<\/div>\n\t\t\t\t<div class=\"elementor-element elementor-element-d570652 elementor-shape-rounded elementor-widget elementor-widget-wgl-social-icons\" data-id=\"d570652\" data-element_type=\"widget\" data-widget_type=\"wgl-social-icons.default\">\n\t\t\t\t<div class=\"elementor-widget-container\">\n\t\t\t<div class=\"wgl-social-icons elementor-social-icons-wrapper\"><a class=\"elementor-icon elementor-social-icon elementor-social-icon-linkedin elementor-repeater-item-147f74f\" href=\"https:\/\/www.linkedin.com\/in\/mark-schaan-21149116\/%20\" target=\"_blank\" title=\"Linkedin\"><span class=\"elementor-screen-only\">Linkedin<\/span><i class=\"fab fa-linkedin\"><\/i><\/a><\/div>\t\t<\/div>\n\t\t\t\t<\/div>\n\t\t\t\t\t<\/div>\n\t\t<\/div>\n\t\t\t\t\t<\/div>\n\t\t<\/section>\n\t\t\t\t<section class=\"elementor-section elementor-top-section elementor-element elementor-element-85fde69 elementor-section-boxed elementor-section-height-default elementor-section-height-default\" data-id=\"85fde69\" data-element_type=\"section\">\n\t\t\t\t\t\t<div class=\"elementor-container elementor-column-gap-default\">\n\t\t\t\t\t<div class=\"elementor-column elementor-col-33 elementor-top-column elementor-element elementor-element-13a7e80\" data-id=\"13a7e80\" data-element_type=\"column\">\n\t\t\t<div class=\"elementor-widget-wrap elementor-element-populated\">\n\t\t\t\t\t\t<div class=\"elementor-element elementor-element-cc4ea2b elementor-widget elementor-widget-image\" data-id=\"cc4ea2b\" data-element_type=\"widget\" data-widget_type=\"image.default\">\n\t\t\t\t<div class=\"elementor-widget-container\">\n\t\t\t\t\t\t\t\t\t\t\t\t\t<img loading=\"lazy\" decoding=\"async\" width=\"500\" height=\"500\" src=\"https:\/\/canadianigf.ca\/wp-content\/uploads\/2025\/10\/speakers-master_0012_Jaxson-Khan.jpg\" class=\"attachment-full size-full wp-image-8846\" alt=\"\" srcset=\"https:\/\/canadianigf.ca\/wp-content\/uploads\/2025\/10\/speakers-master_0012_Jaxson-Khan.jpg 500w, https:\/\/canadianigf.ca\/wp-content\/uploads\/2025\/10\/speakers-master_0012_Jaxson-Khan-300x300.jpg 300w, https:\/\/canadianigf.ca\/wp-content\/uploads\/2025\/10\/speakers-master_0012_Jaxson-Khan-150x150.jpg 150w\" sizes=\"(max-width: 500px) 100vw, 500px\" \/>\t\t\t\t\t\t\t\t\t\t\t\t\t<\/div>\n\t\t\t\t<\/div>\n\t\t\t\t\t<\/div>\n\t\t<\/div>\n\t\t\t\t<div class=\"elementor-column elementor-col-66 elementor-top-column elementor-element elementor-element-6077db7\" data-id=\"6077db7\" data-element_type=\"column\">\n\t\t\t<div class=\"elementor-widget-wrap elementor-element-populated\">\n\t\t\t\t\t\t<div class=\"elementor-element elementor-element-8f5a3e4 aleft elementor-widget elementor-widget-wgl-info-box\" data-id=\"8f5a3e4\" data-element_type=\"widget\" data-widget_type=\"wgl-info-box.default\">\n\t\t\t\t<div class=\"elementor-widget-container\">\n\t\t\t<div class=\"wgl-infobox\"><div class=\"wgl-infobox_wrapper\"><div class=\"content_wrapper\"><div class=\"wgl-infobox-title_wrapper\"><h6 class=\"wgl-infobox_title\"><span class=\"wgl-infobox_title-idle\">Table ronde 3<\/span><\/h6><\/div><\/div><\/div><\/div>\t\t<\/div>\n\t\t\t\t<\/div>\n\t\t\t\t<div class=\"elementor-element elementor-element-11e9d9f divider-yes aleft elementor-widget elementor-widget-wgl-double-heading\" data-id=\"11e9d9f\" data-element_type=\"widget\" data-widget_type=\"wgl-double-heading.default\">\n\t\t\t\t<div class=\"elementor-widget-container\">\n\t\t\t<div class=\"wgl-double-heading\"><div class=\"dblh__subtitle\">PDG, Aperture AI<\/div><div class=\"dblh__wrapper\"><h3 class=\"dblh__title-wrapper\"><span class=\"dblh__title dblh__title-1\">Jaxson Khan<\/span><\/h3><\/div><\/div>\t\t<\/div>\n\t\t\t\t<\/div>\n\t\t\t\t<div class=\"elementor-element elementor-element-d217309 aleft elementor-widget elementor-widget-wgl-info-box\" data-id=\"d217309\" data-element_type=\"widget\" data-widget_type=\"wgl-info-box.default\">\n\t\t\t\t<div class=\"elementor-widget-container\">\n\t\t\t<div class=\"wgl-infobox\"><div class=\"wgl-infobox_wrapper\"><div class=\"content_wrapper\"><div class=\"wgl-infobox-title_wrapper\"><\/div><div class=\"wgl-infobox_content\"><p>Jaxson Khan est chef de la direction d\u2019Aperture AI, o\u00f9 il aide les organisations \u00e0 naviguer dans le domaine des technologies \u00e0 double usage, notamment l\u2019intelligence artificielle, l\u2019informatique quantique, la cybers\u00e9curit\u00e9 et les syst\u00e8mes spatiaux. Aperture offre des services de consultation strat\u00e9gique aux grandes entreprises, des programmes de formation pour les dirigeantes et dirigeants du secteur public, ainsi que des guides pratiques sur l\u2019adoption de l\u2019IA destin\u00e9s aux PME et aux organismes sans but lucratif. Jaxson est \u00e9galement chercheur principal \u00e0 la <span><a href=\"https:\/\/munkschool.utoronto.ca\/\">Munk School of Global Affairs &amp; Public Policy<\/a><\/span> de l\u2019Universit\u00e9 de Toronto, o\u00f9 il enseigne un cours de ma\u00eetrise sur les politiques li\u00e9es \u00e0 l\u2019IA, et si\u00e8ge au conseil d\u2019administration de la <span><a href=\"https:\/\/humanfeedback.io\/\">Human Feedback Foundation.<\/a><\/span><\/p><p>Auparavant, Jaxson a \u00e9t\u00e9 conseiller principal en politiques aupr\u00e8s du ministre canadien de <span><a href=\"http:\/\/www.canada.ca\/en\/government\/ministers\/francois-philippe-champagne.html\">l\u2019Innovation, des Sciences et de l\u2019Industrie,<\/a><\/span> o\u00f9 il a jou\u00e9 un r\u00f4le cl\u00e9 dans l\u2019\u00e9laboration d\u2019un investissement de 2,4\u00a0milliards de dollars destin\u00e9 \u00e0 soutenir la capacit\u00e9 informatique, l\u2019adoption et la s\u00e9curit\u00e9 de l\u2019intelligence artificielle. Ses dossiers comprenaient l\u2019informatique quantique, les semi-conducteurs, la concurrence, la propri\u00e9t\u00e9 intellectuelle et les politiques d\u2019innovation. Jaxson\u00a0Khan a \u00e9galement occup\u00e9 le poste de chef de cabinet chez <span><a href=\"http:\/\/law-ai.org\/\">LawAI<\/a><\/span>, un groupe de r\u00e9flexion ind\u00e9pendant qui effectue des recherches et offre des conseils intersectoriels sur l\u2019intelligence artificielle, le droit et les politiques publiques.<\/p><p>Avant de travailler au sein du gouvernement, Jaxson a \u0153uvr\u00e9 dans plusieurs jeunes entreprises, notamment \u00e0 titre de directeur de la croissance chez <span><a href=\"http:\/\/makeitfable.com\/\">Fable<\/a><\/span>, une entreprise sp\u00e9cialis\u00e9e dans les technologies d\u2019accessibilit\u00e9. Il a \u00e9galement anim\u00e9 pendant plusieurs saisons le balado <span><a href=\"http:\/\/askai.org\/podcast\">AskAI podcast<\/a><\/span>\u00a0commandit\u00e9 par Microsoft. Jaxson est titulaire d\u2019un MBA pour cadres de la Quantic School of Business and Technology et d\u2019un baccalaur\u00e9at \u00e8s arts de la Huron University, o\u00f9 il a re\u00e7u le prix Alumni\u00a0Award of Distinction et \u00e9tudi\u00e9 \u00e0 titre de boursier national 3M.<\/p><\/div><\/div><\/div><\/div>\t\t<\/div>\n\t\t\t\t<\/div>\n\t\t\t\t<div class=\"elementor-element elementor-element-4a24cea elementor-shape-rounded elementor-widget elementor-widget-wgl-social-icons\" data-id=\"4a24cea\" data-element_type=\"widget\" data-widget_type=\"wgl-social-icons.default\">\n\t\t\t\t<div class=\"elementor-widget-container\">\n\t\t\t<div class=\"wgl-social-icons elementor-social-icons-wrapper\"><a class=\"elementor-icon elementor-social-icon elementor-social-icon-linkedin elementor-repeater-item-147f74f\" href=\"https:\/\/www.linkedin.com\/in\/jaxson\/%20\" target=\"_blank\" title=\"Linkedin\"><span class=\"elementor-screen-only\">Linkedin<\/span><i class=\"fab fa-linkedin\"><\/i><\/a><\/div>\t\t<\/div>\n\t\t\t\t<\/div>\n\t\t\t\t\t<\/div>\n\t\t<\/div>\n\t\t\t\t\t<\/div>\n\t\t<\/section>\n\t\t\t\t<section class=\"elementor-section elementor-top-section elementor-element elementor-element-6601d81 elementor-section-boxed elementor-section-height-default elementor-section-height-default\" data-id=\"6601d81\" data-element_type=\"section\">\n\t\t\t\t\t\t<div class=\"elementor-container elementor-column-gap-default\">\n\t\t\t\t\t<div class=\"elementor-column elementor-col-33 elementor-top-column elementor-element elementor-element-d523455\" data-id=\"d523455\" data-element_type=\"column\">\n\t\t\t<div class=\"elementor-widget-wrap elementor-element-populated\">\n\t\t\t\t\t\t<div class=\"elementor-element elementor-element-cfd162f elementor-widget elementor-widget-image\" data-id=\"cfd162f\" data-element_type=\"widget\" data-widget_type=\"image.default\">\n\t\t\t\t<div class=\"elementor-widget-container\">\n\t\t\t\t\t\t\t\t\t\t\t\t\t<img loading=\"lazy\" decoding=\"async\" width=\"500\" height=\"500\" src=\"https:\/\/canadianigf.ca\/wp-content\/uploads\/2025\/10\/speakers-master_0001_Victoria.jpg\" class=\"attachment-full size-full wp-image-8826\" alt=\"\" srcset=\"https:\/\/canadianigf.ca\/wp-content\/uploads\/2025\/10\/speakers-master_0001_Victoria.jpg 500w, https:\/\/canadianigf.ca\/wp-content\/uploads\/2025\/10\/speakers-master_0001_Victoria-300x300.jpg 300w, https:\/\/canadianigf.ca\/wp-content\/uploads\/2025\/10\/speakers-master_0001_Victoria-150x150.jpg 150w\" sizes=\"(max-width: 500px) 100vw, 500px\" \/>\t\t\t\t\t\t\t\t\t\t\t\t\t<\/div>\n\t\t\t\t<\/div>\n\t\t\t\t\t<\/div>\n\t\t<\/div>\n\t\t\t\t<div class=\"elementor-column elementor-col-66 elementor-top-column elementor-element elementor-element-5e3b5c8\" data-id=\"5e3b5c8\" data-element_type=\"column\">\n\t\t\t<div class=\"elementor-widget-wrap elementor-element-populated\">\n\t\t\t\t\t\t<div class=\"elementor-element elementor-element-73d069c aleft elementor-widget elementor-widget-wgl-info-box\" data-id=\"73d069c\" data-element_type=\"widget\" data-widget_type=\"wgl-info-box.default\">\n\t\t\t\t<div class=\"elementor-widget-container\">\n\t\t\t<div class=\"wgl-infobox\"><div class=\"wgl-infobox_wrapper\"><div class=\"content_wrapper\"><div class=\"wgl-infobox-title_wrapper\"><h6 class=\"wgl-infobox_title\"><span class=\"wgl-infobox_title-idle\">Mod\u00e9ratrice<\/span><\/h6><\/div><\/div><\/div><\/div>\t\t<\/div>\n\t\t\t\t<\/div>\n\t\t\t\t<div class=\"elementor-element elementor-element-6a9a6e8 divider-yes aleft elementor-widget elementor-widget-wgl-double-heading\" data-id=\"6a9a6e8\" data-element_type=\"widget\" data-widget_type=\"wgl-double-heading.default\">\n\t\t\t\t<div class=\"elementor-widget-container\">\n\t\t\t<div class=\"wgl-double-heading\"><div class=\"dblh__subtitle\">Boursi\u00e8re de la Fondation Obama pour 2025, directrice de l\u2019engagement d\u2019entreprise, Catalyst<\/div><div class=\"dblh__wrapper\"><h3 class=\"dblh__title-wrapper\"><span class=\"dblh__title dblh__title-1\">Victoria Kuketz<\/span><\/h3><\/div><\/div>\t\t<\/div>\n\t\t\t\t<\/div>\n\t\t\t\t<div class=\"elementor-element elementor-element-93eca91 aleft elementor-widget elementor-widget-wgl-info-box\" data-id=\"93eca91\" data-element_type=\"widget\" data-widget_type=\"wgl-info-box.default\">\n\t\t\t\t<div class=\"elementor-widget-container\">\n\t\t\t<div class=\"wgl-infobox\"><div class=\"wgl-infobox_wrapper\"><div class=\"content_wrapper\"><div class=\"wgl-infobox-title_wrapper\"><\/div><div class=\"wgl-infobox_content\"><p>Victoria Kuketz, boursi\u00e8re de la Fondation Obama pour 2025, est l\u2019une des 11 personnes dans le monde qui assure la promotion du renforcement de la confiance au nom de la fondation. Sa mission est d\u2019acc\u00e9l\u00e9rer les efforts d\u2019innovation, d\u2019inclusion et de protection de la d\u00e9mocratie.<\/p><p>En tant que directrice de l\u2019engagement d\u2019entreprise chez Catalyst, une organisation mondiale \u00e0 but non lucratif, Victoria conseille les entreprises du classement Fortune 500 sur l\u2019avenir du travail et l\u2019utilisation responsable de l\u2019IA. Elle anime le balado \u00ab Catalyst Breaking with Tradition et Democracy Dialogues \u00bb au Democratic Engagement Exchange de l\u2019Universit\u00e9 m\u00e9tropolitaine de Toronto. Victoria est \u00e9galement membre du Forum des politiques publiques sur la d\u00e9mocratie num\u00e9rique et ancienne membre du programme Civic Action Diverse City. Elle est titulaire d\u2019un baccalaur\u00e9at en administration des affaires et d\u2019une ma\u00eetrise de l\u2019Universit\u00e9 de Toronto.<\/p><\/div><\/div><\/div><\/div>\t\t<\/div>\n\t\t\t\t<\/div>\n\t\t\t\t<div class=\"elementor-element elementor-element-e099501 elementor-shape-rounded elementor-widget elementor-widget-wgl-social-icons\" data-id=\"e099501\" data-element_type=\"widget\" data-widget_type=\"wgl-social-icons.default\">\n\t\t\t\t<div class=\"elementor-widget-container\">\n\t\t\t<div class=\"wgl-social-icons elementor-social-icons-wrapper\"><a class=\"elementor-icon elementor-social-icon elementor-social-icon-linkedin elementor-repeater-item-147f74f\" href=\"https:\/\/www.linkedin.com\/in\/victoriakuketz\/%20\" target=\"_blank\" title=\"Linkedin\"><span class=\"elementor-screen-only\">Linkedin<\/span><i class=\"fab fa-linkedin\"><\/i><\/a><\/div>\t\t<\/div>\n\t\t\t\t<\/div>\n\t\t\t\t\t<\/div>\n\t\t<\/div>\n\t\t\t\t\t<\/div>\n\t\t<\/section>\n\t\t\t\t<section class=\"elementor-section elementor-top-section elementor-element elementor-element-561e47c elementor-section-boxed elementor-section-height-default elementor-section-height-default\" data-id=\"561e47c\" data-element_type=\"section\">\n\t\t\t\t\t\t<div class=\"elementor-container elementor-column-gap-default\">\n\t\t\t\t\t<div class=\"elementor-column elementor-col-33 elementor-top-column elementor-element elementor-element-00c0a8c\" data-id=\"00c0a8c\" data-element_type=\"column\">\n\t\t\t<div class=\"elementor-widget-wrap elementor-element-populated\">\n\t\t\t\t\t\t<div class=\"elementor-element elementor-element-cb8b413 elementor-widget elementor-widget-image\" data-id=\"cb8b413\" data-element_type=\"widget\" data-widget_type=\"image.default\">\n\t\t\t\t<div class=\"elementor-widget-container\">\n\t\t\t\t\t\t\t\t\t\t\t\t\t<img loading=\"lazy\" decoding=\"async\" width=\"500\" height=\"500\" src=\"https:\/\/canadianigf.ca\/wp-content\/uploads\/2025\/10\/speakers-master_0016_charles.jpg\" class=\"attachment-full size-full wp-image-8854\" alt=\"\" srcset=\"https:\/\/canadianigf.ca\/wp-content\/uploads\/2025\/10\/speakers-master_0016_charles.jpg 500w, https:\/\/canadianigf.ca\/wp-content\/uploads\/2025\/10\/speakers-master_0016_charles-300x300.jpg 300w, https:\/\/canadianigf.ca\/wp-content\/uploads\/2025\/10\/speakers-master_0016_charles-150x150.jpg 150w\" sizes=\"(max-width: 500px) 100vw, 500px\" \/>\t\t\t\t\t\t\t\t\t\t\t\t\t<\/div>\n\t\t\t\t<\/div>\n\t\t\t\t\t<\/div>\n\t\t<\/div>\n\t\t\t\t<div class=\"elementor-column elementor-col-66 elementor-top-column elementor-element elementor-element-320c45f\" data-id=\"320c45f\" data-element_type=\"column\">\n\t\t\t<div class=\"elementor-widget-wrap elementor-element-populated\">\n\t\t\t\t\t\t<div class=\"elementor-element elementor-element-22d1fdb aleft elementor-widget elementor-widget-wgl-info-box\" data-id=\"22d1fdb\" data-element_type=\"widget\" data-widget_type=\"wgl-info-box.default\">\n\t\t\t\t<div class=\"elementor-widget-container\">\n\t\t\t<div class=\"wgl-infobox\"><div class=\"wgl-infobox_wrapper\"><div class=\"content_wrapper\"><div class=\"wgl-infobox-title_wrapper\"><h6 class=\"wgl-infobox_title\"><span class=\"wgl-infobox_title-idle\">Table ronde 4 : Vers le SMSI+20<\/span><\/h6><\/div><\/div><\/div><\/div>\t\t<\/div>\n\t\t\t\t<\/div>\n\t\t\t\t<div class=\"elementor-element elementor-element-86f34b2 divider-yes aleft elementor-widget elementor-widget-wgl-double-heading\" data-id=\"86f34b2\" data-element_type=\"widget\" data-widget_type=\"wgl-double-heading.default\">\n\t\t\t\t<div class=\"elementor-widget-container\">\n\t\t\t<div class=\"wgl-double-heading\"><div class=\"dblh__subtitle\">Vice-pr\u00e9sident, investissement communautaire, politiques et d\u00e9fense des int\u00e9r\u00eats, CIRA <\/div><div class=\"dblh__wrapper\"><h3 class=\"dblh__title-wrapper\"><span class=\"dblh__title dblh__title-1\">Charles Noir<\/span><\/h3><\/div><\/div>\t\t<\/div>\n\t\t\t\t<\/div>\n\t\t\t\t<div class=\"elementor-element elementor-element-5be599f aleft elementor-widget elementor-widget-wgl-info-box\" data-id=\"5be599f\" data-element_type=\"widget\" data-widget_type=\"wgl-info-box.default\">\n\t\t\t\t<div class=\"elementor-widget-container\">\n\t\t\t<div class=\"wgl-infobox\"><div class=\"wgl-infobox_wrapper\"><div class=\"content_wrapper\"><div class=\"wgl-infobox-title_wrapper\"><\/div><div class=\"wgl-infobox_content\"><p>Charles\u00a0Noir dirige les activit\u00e9s de CIRA en mati\u00e8re de politique et de d\u00e9fense des int\u00e9r\u00eats \u00e0 l\u2019\u00e9chelle internationale et nationale. Il est \u00e9galement responsable de Net Good, un ensemble de programmes visant \u00e0 r\u00e9duire le foss\u00e9 num\u00e9rique et \u00e0 relever les d\u00e9fis les plus urgents du Canada en mati\u00e8re d\u2019Internet. Avant de se joindre \u00e0 CIRA, Charles a travaill\u00e9 pendant plus de 15\u00a0ans au sein du gouvernement du Canada, o\u00f9 il s\u2019est occup\u00e9 de politiques relatives \u00e0 l\u2019Internet, aux t\u00e9l\u00e9communications et \u00e0 la technologie, et a men\u00e9 des n\u00e9gociations internationales. Il est titulaire d\u2019un doctorat en gestion (syst\u00e8mes d\u2019information) de l\u2019Universit\u00e9 de Cambridge, d\u2019une ma\u00eetrise de la London School of Economics et d\u2019un baccalaur\u00e9at en communication de l\u2019Universit\u00e9 Simon-Fraser.<\/p><\/div><\/div><\/div><\/div>\t\t<\/div>\n\t\t\t\t<\/div>\n\t\t\t\t<div class=\"elementor-element elementor-element-53d988f elementor-shape-rounded elementor-widget elementor-widget-wgl-social-icons\" data-id=\"53d988f\" data-element_type=\"widget\" data-widget_type=\"wgl-social-icons.default\">\n\t\t\t\t<div class=\"elementor-widget-container\">\n\t\t\t<div class=\"wgl-social-icons elementor-social-icons-wrapper\"><a class=\"elementor-icon elementor-social-icon elementor-social-icon-linkedin elementor-repeater-item-147f74f\" href=\"https:\/\/www.linkedin.com\/in\/charlesnoir\/%20\" target=\"_blank\" title=\"Linkedin\"><span class=\"elementor-screen-only\">Linkedin<\/span><i class=\"fab fa-linkedin\"><\/i><\/a><\/div>\t\t<\/div>\n\t\t\t\t<\/div>\n\t\t\t\t\t<\/div>\n\t\t<\/div>\n\t\t\t\t\t<\/div>\n\t\t<\/section>\n\t\t\t\t<section class=\"elementor-section elementor-top-section elementor-element elementor-element-a12ab10 elementor-section-boxed elementor-section-height-default elementor-section-height-default\" data-id=\"a12ab10\" data-element_type=\"section\">\n\t\t\t\t\t\t<div class=\"elementor-container elementor-column-gap-default\">\n\t\t\t\t\t<div class=\"elementor-column elementor-col-33 elementor-top-column elementor-element elementor-element-a7304e1\" data-id=\"a7304e1\" data-element_type=\"column\">\n\t\t\t<div class=\"elementor-widget-wrap elementor-element-populated\">\n\t\t\t\t\t\t<div class=\"elementor-element elementor-element-dfa133b elementor-widget elementor-widget-image\" data-id=\"dfa133b\" data-element_type=\"widget\" data-widget_type=\"image.default\">\n\t\t\t\t<div class=\"elementor-widget-container\">\n\t\t\t\t\t\t\t\t\t\t\t\t\t<img loading=\"lazy\" decoding=\"async\" width=\"500\" height=\"500\" src=\"https:\/\/canadianigf.ca\/wp-content\/uploads\/2025\/10\/speakers-master_0015_Dana-Cramer2.jpg\" class=\"attachment-full size-full wp-image-8852\" alt=\"\" srcset=\"https:\/\/canadianigf.ca\/wp-content\/uploads\/2025\/10\/speakers-master_0015_Dana-Cramer2.jpg 500w, https:\/\/canadianigf.ca\/wp-content\/uploads\/2025\/10\/speakers-master_0015_Dana-Cramer2-300x300.jpg 300w, https:\/\/canadianigf.ca\/wp-content\/uploads\/2025\/10\/speakers-master_0015_Dana-Cramer2-150x150.jpg 150w\" sizes=\"(max-width: 500px) 100vw, 500px\" \/>\t\t\t\t\t\t\t\t\t\t\t\t\t<\/div>\n\t\t\t\t<\/div>\n\t\t\t\t\t<\/div>\n\t\t<\/div>\n\t\t\t\t<div class=\"elementor-column elementor-col-66 elementor-top-column elementor-element elementor-element-9a7115c\" data-id=\"9a7115c\" data-element_type=\"column\">\n\t\t\t<div class=\"elementor-widget-wrap elementor-element-populated\">\n\t\t\t\t\t\t<div class=\"elementor-element elementor-element-8d1f939 aleft elementor-widget elementor-widget-wgl-info-box\" data-id=\"8d1f939\" data-element_type=\"widget\" data-widget_type=\"wgl-info-box.default\">\n\t\t\t\t<div class=\"elementor-widget-container\">\n\t\t\t<div class=\"wgl-infobox\"><div class=\"wgl-infobox_wrapper\"><div class=\"content_wrapper\"><div class=\"wgl-infobox-title_wrapper\"><h6 class=\"wgl-infobox_title\"><span class=\"wgl-infobox_title-idle\">Table ronde 4<\/span><\/h6><\/div><\/div><\/div><\/div>\t\t<\/div>\n\t\t\t\t<\/div>\n\t\t\t\t<div class=\"elementor-element elementor-element-5f4ecc9 divider-yes aleft elementor-widget elementor-widget-wgl-double-heading\" data-id=\"5f4ecc9\" data-element_type=\"widget\" data-widget_type=\"wgl-double-heading.default\">\n\t\t\t\t<div class=\"elementor-widget-container\">\n\t\t\t<div class=\"wgl-double-heading\"><div class=\"dblh__subtitle\">Fondatrice, pr\u00e9sidente et directrice g\u00e9n\u00e9rale, Young Digital Leaders of Canada<\/div><div class=\"dblh__wrapper\"><h3 class=\"dblh__title-wrapper\"><span class=\"dblh__title dblh__title-1\">Dana Cramer<\/span><\/h3><\/div><\/div>\t\t<\/div>\n\t\t\t\t<\/div>\n\t\t\t\t<div class=\"elementor-element elementor-element-ea2ab67 aleft elementor-widget elementor-widget-wgl-info-box\" data-id=\"ea2ab67\" data-element_type=\"widget\" data-widget_type=\"wgl-info-box.default\">\n\t\t\t\t<div class=\"elementor-widget-container\">\n\t\t\t<div class=\"wgl-infobox\"><div class=\"wgl-infobox_wrapper\"><div class=\"content_wrapper\"><div class=\"wgl-infobox-title_wrapper\"><\/div><div class=\"wgl-infobox_content\"><p><span>Dana Cramer compte parmi les jeunes leaders les plus \u00e9minents du Canada dans le domaine d\u2019Internet. Elle est reconnue, au Canada comme \u00e0 l\u2019international, pour ses travaux de recherche et ses \u00e9crits. Elle est la fondatrice, pr\u00e9sidente et directrice g\u00e9n\u00e9rale de Young Digital Leaders of Canada, reconnu par le Forum sur la gouvernance de l\u2019Internet des Nations Unies (<\/span>Internet Governance Forum<span>, IGF) comme le coordonnateur national du Youth IGF pour le Canada. Elle est \u00e9galement la fondatrice et la coordonnatrice du Caucus jeunesse du Sommet mondial sur la soci\u00e9t\u00e9 de l\u2019information, qui a r\u00e9uni des jeunes du monde entier afin de promouvoir la reconnaissance des jeunes dans les futurs accords mondiaux sur la gouvernance num\u00e9rique \u00e0 l\u2019ONU. Dana termine actuellement son doctorat aux universit\u00e9s Toronto Metropolitan et York, o\u00f9 elle \u00e9tudie la g\u00e9opolitique et l\u2019impact multipartite dans la gouvernance de l\u2019Internet.<\/span><\/p><\/div><\/div><\/div><\/div>\t\t<\/div>\n\t\t\t\t<\/div>\n\t\t\t\t<div class=\"elementor-element elementor-element-6ce1adb elementor-shape-rounded elementor-widget elementor-widget-wgl-social-icons\" data-id=\"6ce1adb\" data-element_type=\"widget\" data-widget_type=\"wgl-social-icons.default\">\n\t\t\t\t<div class=\"elementor-widget-container\">\n\t\t\t<div class=\"wgl-social-icons elementor-social-icons-wrapper\"><a class=\"elementor-icon elementor-social-icon elementor-social-icon-linkedin elementor-repeater-item-147f74f\" href=\"https:\/\/www.linkedin.com\/in\/dana-cramer\/%20\" target=\"_blank\" title=\"Linkedin\"><span class=\"elementor-screen-only\">Linkedin<\/span><i class=\"fab fa-linkedin\"><\/i><\/a><\/div>\t\t<\/div>\n\t\t\t\t<\/div>\n\t\t\t\t\t<\/div>\n\t\t<\/div>\n\t\t\t\t\t<\/div>\n\t\t<\/section>\n\t\t\t\t<section class=\"elementor-section elementor-top-section elementor-element elementor-element-952ba61 elementor-section-boxed elementor-section-height-default elementor-section-height-default\" data-id=\"952ba61\" data-element_type=\"section\">\n\t\t\t\t\t\t<div class=\"elementor-container elementor-column-gap-default\">\n\t\t\t\t\t<div class=\"elementor-column elementor-col-33 elementor-top-column elementor-element elementor-element-1e51789\" data-id=\"1e51789\" data-element_type=\"column\">\n\t\t\t<div class=\"elementor-widget-wrap elementor-element-populated\">\n\t\t\t\t\t\t<div class=\"elementor-element elementor-element-41b9259 elementor-widget elementor-widget-image\" data-id=\"41b9259\" data-element_type=\"widget\" data-widget_type=\"image.default\">\n\t\t\t\t<div class=\"elementor-widget-container\">\n\t\t\t\t\t\t\t\t\t\t\t\t\t<img loading=\"lazy\" decoding=\"async\" width=\"500\" height=\"500\" src=\"https:\/\/canadianigf.ca\/wp-content\/uploads\/2025\/10\/speakers-master_0013_Isra-Rosas.jpg\" class=\"attachment-full size-full wp-image-8848\" alt=\"\" srcset=\"https:\/\/canadianigf.ca\/wp-content\/uploads\/2025\/10\/speakers-master_0013_Isra-Rosas.jpg 500w, https:\/\/canadianigf.ca\/wp-content\/uploads\/2025\/10\/speakers-master_0013_Isra-Rosas-300x300.jpg 300w, https:\/\/canadianigf.ca\/wp-content\/uploads\/2025\/10\/speakers-master_0013_Isra-Rosas-150x150.jpg 150w\" sizes=\"(max-width: 500px) 100vw, 500px\" \/>\t\t\t\t\t\t\t\t\t\t\t\t\t<\/div>\n\t\t\t\t<\/div>\n\t\t\t\t\t<\/div>\n\t\t<\/div>\n\t\t\t\t<div class=\"elementor-column elementor-col-66 elementor-top-column elementor-element elementor-element-93a00d9\" data-id=\"93a00d9\" data-element_type=\"column\">\n\t\t\t<div class=\"elementor-widget-wrap elementor-element-populated\">\n\t\t\t\t\t\t<div class=\"elementor-element elementor-element-d95f081 aleft elementor-widget elementor-widget-wgl-info-box\" data-id=\"d95f081\" data-element_type=\"widget\" data-widget_type=\"wgl-info-box.default\">\n\t\t\t\t<div class=\"elementor-widget-container\">\n\t\t\t<div class=\"wgl-infobox\"><div class=\"wgl-infobox_wrapper\"><div class=\"content_wrapper\"><div class=\"wgl-infobox-title_wrapper\"><h6 class=\"wgl-infobox_title\"><span class=\"wgl-infobox_title-idle\">Table ronde 4<\/span><\/h6><\/div><\/div><\/div><\/div>\t\t<\/div>\n\t\t\t\t<\/div>\n\t\t\t\t<div class=\"elementor-element elementor-element-77ae867 divider-yes aleft elementor-widget elementor-widget-wgl-double-heading\" data-id=\"77ae867\" data-element_type=\"widget\" data-widget_type=\"wgl-double-heading.default\">\n\t\t\t\t<div class=\"elementor-widget-container\">\n\t\t\t<div class=\"wgl-double-heading\"><div class=\"dblh__subtitle\">Directeur des partenariats et du d\u00e9veloppement de l\u2019Internet, Internet Society<\/div><div class=\"dblh__wrapper\"><h3 class=\"dblh__title-wrapper\"><span class=\"dblh__title dblh__title-1\">Isra Rosas<\/span><\/h3><\/div><\/div>\t\t<\/div>\n\t\t\t\t<\/div>\n\t\t\t\t<div class=\"elementor-element elementor-element-af85640 aleft elementor-widget elementor-widget-wgl-info-box\" data-id=\"af85640\" data-element_type=\"widget\" data-widget_type=\"wgl-info-box.default\">\n\t\t\t\t<div class=\"elementor-widget-container\">\n\t\t\t<div class=\"wgl-infobox\"><div class=\"wgl-infobox_wrapper\"><div class=\"content_wrapper\"><div class=\"wgl-infobox-title_wrapper\"><\/div><div class=\"wgl-infobox_content\"><p>Isra\u00a0Rosas est directeur des partenariats et du d\u00e9veloppement de l\u2019Internet \u00e0 la Internet Society. Dans ce r\u00f4le, il collabore avec des partenaires de l\u2019ensemble de la communaut\u00e9 multipartite afin de veiller \u00e0 ce que l\u2019Internet demeure ouvert, connect\u00e9 \u00e0 l\u2019\u00e9chelle mondiale, s\u00e9curitaire et digne de confiance. Il fait partie de l\u2019\u00e9quipe qui dirige la participation de la Internet Society \u00e0 l\u2019examen SMSI+20 et aux processus connexes des Nations Unies.<\/p><p>Avant de se joindre \u00e0 la Internet Society, Isra a travaill\u00e9 comme analyste des politiques relatives \u00e0 l\u2019Internet pour la Coordination de la strat\u00e9gie num\u00e9rique nationale du Mexique. \u00c0 ce titre, il a contribu\u00e9 \u00e0 l\u2019organisation du Forum sur la gouvernance de l\u2019Internet (FGI) de 2016, a particip\u00e9 \u00e0 l\u2019examen du SMSI+10 et a repr\u00e9sent\u00e9 le Mexique au sein du comit\u00e9 consultatif gouvernemental de l\u2019ICANN ainsi que du groupe consultatif multipartite du FGI.<\/p><p>Fort d\u2019une formation en t\u00e9l\u00e9communications et en \u00e9lectronique, Isra met l\u2019accent sur la promotion d\u2019une collaboration concr\u00e8te entre les communaut\u00e9s techniques et politiques, en insistant sur les conditions qui favorisent une coop\u00e9ration multipartite efficace.<\/p><\/div><\/div><\/div><\/div>\t\t<\/div>\n\t\t\t\t<\/div>\n\t\t\t\t<div class=\"elementor-element elementor-element-2d9964e elementor-shape-rounded elementor-widget elementor-widget-wgl-social-icons\" data-id=\"2d9964e\" data-element_type=\"widget\" data-widget_type=\"wgl-social-icons.default\">\n\t\t\t\t<div class=\"elementor-widget-container\">\n\t\t\t<div class=\"wgl-social-icons elementor-social-icons-wrapper\"><a class=\"elementor-icon elementor-social-icon elementor-social-icon-linkedin elementor-repeater-item-147f74f\" href=\"https:\/\/www.linkedin.com\/in\/soyisraelrosas\/%20\" target=\"_blank\" title=\"Linkedin\"><span class=\"elementor-screen-only\">Linkedin<\/span><i class=\"fab fa-linkedin\"><\/i><\/a><\/div>\t\t<\/div>\n\t\t\t\t<\/div>\n\t\t\t\t\t<\/div>\n\t\t<\/div>\n\t\t\t\t\t<\/div>\n\t\t<\/section>\n\t\t\t\t<section class=\"elementor-section elementor-top-section elementor-element elementor-element-eadad9b elementor-section-boxed elementor-section-height-default elementor-section-height-default\" data-id=\"eadad9b\" data-element_type=\"section\">\n\t\t\t\t\t\t<div class=\"elementor-container elementor-column-gap-default\">\n\t\t\t\t\t<div class=\"elementor-column elementor-col-33 elementor-top-column elementor-element elementor-element-f076742\" data-id=\"f076742\" data-element_type=\"column\">\n\t\t\t<div class=\"elementor-widget-wrap elementor-element-populated\">\n\t\t\t\t\t\t<div class=\"elementor-element elementor-element-2eb57a6 elementor-widget elementor-widget-image\" data-id=\"2eb57a6\" data-element_type=\"widget\" data-widget_type=\"image.default\">\n\t\t\t\t<div class=\"elementor-widget-container\">\n\t\t\t\t\t\t\t\t\t\t\t\t\t<img decoding=\"async\" src=\"https:\/\/canadianigf.ca\/wp-content\/uploads\/elementor\/thumbs\/speakers-master_0018_Becky-McGilley-rdn4kb9q0kajjudlhtyszho9u7zt2n23t7x9wfm360.jpg\" title=\"speakers master_0018_Becky McGilley\" alt=\"speakers master_0018_Becky McGilley\" loading=\"lazy\" \/>\t\t\t\t\t\t\t\t\t\t\t\t\t<\/div>\n\t\t\t\t<\/div>\n\t\t\t\t\t<\/div>\n\t\t<\/div>\n\t\t\t\t<div class=\"elementor-column elementor-col-66 elementor-top-column elementor-element elementor-element-0ce85fa\" data-id=\"0ce85fa\" data-element_type=\"column\">\n\t\t\t<div class=\"elementor-widget-wrap elementor-element-populated\">\n\t\t\t\t\t\t<div class=\"elementor-element elementor-element-e5d3869 aleft elementor-widget elementor-widget-wgl-info-box\" data-id=\"e5d3869\" data-element_type=\"widget\" data-widget_type=\"wgl-info-box.default\">\n\t\t\t\t<div class=\"elementor-widget-container\">\n\t\t\t<div class=\"wgl-infobox\"><div class=\"wgl-infobox_wrapper\"><div class=\"content_wrapper\"><div class=\"wgl-infobox-title_wrapper\"><h6 class=\"wgl-infobox_title\"><span class=\"wgl-infobox_title-idle\">Table ronde 4<\/span><\/h6><\/div><\/div><\/div><\/div>\t\t<\/div>\n\t\t\t\t<\/div>\n\t\t\t\t<div class=\"elementor-element elementor-element-cfdc3cb divider-yes aleft elementor-widget elementor-widget-wgl-double-heading\" data-id=\"cfdc3cb\" data-element_type=\"widget\" data-widget_type=\"wgl-double-heading.default\">\n\t\t\t\t<div class=\"elementor-widget-container\">\n\t\t\t<div class=\"wgl-double-heading\"><div class=\"dblh__subtitle\">Directrice principale des op\u00e9rations li\u00e9es \u00e0 l\u2019engagement gouvernemental, ICANN<\/div><div class=\"dblh__wrapper\"><h3 class=\"dblh__title-wrapper\"><span class=\"dblh__title dblh__title-1\">Becky McGilley<\/span><\/h3><\/div><\/div>\t\t<\/div>\n\t\t\t\t<\/div>\n\t\t\t\t<div class=\"elementor-element elementor-element-4a732ec aleft elementor-widget elementor-widget-wgl-info-box\" data-id=\"4a732ec\" data-element_type=\"widget\" data-widget_type=\"wgl-info-box.default\">\n\t\t\t\t<div class=\"elementor-widget-container\">\n\t\t\t<div class=\"wgl-infobox\"><div class=\"wgl-infobox_wrapper\"><div class=\"content_wrapper\"><div class=\"wgl-infobox-title_wrapper\"><\/div><div class=\"wgl-infobox_content\"><p>Becky\u00a0McGilley\u00a0est directrice principale des op\u00e9rations li\u00e9es \u00e0 l\u2019engagement gouvernemental \u00e0 l\u2019ICANN, o\u00f9 elle dirige des initiatives strat\u00e9giques visant \u00e0 renforcer la collaboration de l\u2019ICANN avec les gouvernements, les organismes de r\u00e9glementation et les organisations intergouvernementales \u00e0 l\u2019\u00e9chelle mondiale. Elle codirige actuellement les travaux de l\u2019ICANN dans le cadre de l\u2019examen du SMSI+20, en assurant la coordination entre les parties prenantes mondiales afin que la voix de la communaut\u00e9 technique soit repr\u00e9sent\u00e9e dans ce processus important des Nations Unies.<\/p><\/div><\/div><\/div><\/div>\t\t<\/div>\n\t\t\t\t<\/div>\n\t\t\t\t<div class=\"elementor-element elementor-element-e144450 elementor-shape-rounded elementor-widget elementor-widget-wgl-social-icons\" data-id=\"e144450\" data-element_type=\"widget\" data-widget_type=\"wgl-social-icons.default\">\n\t\t\t\t<div class=\"elementor-widget-container\">\n\t\t\t<div class=\"wgl-social-icons elementor-social-icons-wrapper\"><a class=\"elementor-icon elementor-social-icon elementor-social-icon-linkedin elementor-repeater-item-147f74f\" href=\"https:\/\/www.linkedin.com\/in\/rebecca-mcgilley\/%20\" target=\"_blank\" title=\"Linkedin\"><span class=\"elementor-screen-only\">Linkedin<\/span><i class=\"fab fa-linkedin\"><\/i><\/a><\/div>\t\t<\/div>\n\t\t\t\t<\/div>\n\t\t\t\t\t<\/div>\n\t\t<\/div>\n\t\t\t\t\t<\/div>\n\t\t<\/section>\n\t\t\t\t<section class=\"elementor-section elementor-top-section elementor-element elementor-element-cfe05e4 elementor-section-boxed elementor-section-height-default elementor-section-height-default\" data-id=\"cfe05e4\" data-element_type=\"section\">\n\t\t\t\t\t\t<div class=\"elementor-container elementor-column-gap-default\">\n\t\t\t\t\t<div class=\"elementor-column elementor-col-33 elementor-top-column elementor-element elementor-element-7e52057\" data-id=\"7e52057\" data-element_type=\"column\">\n\t\t\t<div class=\"elementor-widget-wrap elementor-element-populated\">\n\t\t\t\t\t\t<div class=\"elementor-element elementor-element-9754f84 elementor-widget elementor-widget-image\" data-id=\"9754f84\" data-element_type=\"widget\" data-widget_type=\"image.default\">\n\t\t\t\t<div class=\"elementor-widget-container\">\n\t\t\t\t\t\t\t\t\t\t\t\t\t<img loading=\"lazy\" decoding=\"async\" width=\"500\" height=\"500\" src=\"https:\/\/canadianigf.ca\/wp-content\/uploads\/2025\/10\/speakers-master_0009_Kelly-Anderson.jpg\" class=\"attachment-full size-full wp-image-8840\" alt=\"\" srcset=\"https:\/\/canadianigf.ca\/wp-content\/uploads\/2025\/10\/speakers-master_0009_Kelly-Anderson.jpg 500w, https:\/\/canadianigf.ca\/wp-content\/uploads\/2025\/10\/speakers-master_0009_Kelly-Anderson-300x300.jpg 300w, https:\/\/canadianigf.ca\/wp-content\/uploads\/2025\/10\/speakers-master_0009_Kelly-Anderson-150x150.jpg 150w\" sizes=\"(max-width: 500px) 100vw, 500px\" \/>\t\t\t\t\t\t\t\t\t\t\t\t\t<\/div>\n\t\t\t\t<\/div>\n\t\t\t\t\t<\/div>\n\t\t<\/div>\n\t\t\t\t<div class=\"elementor-column elementor-col-66 elementor-top-column elementor-element elementor-element-6eeafb0\" data-id=\"6eeafb0\" data-element_type=\"column\">\n\t\t\t<div class=\"elementor-widget-wrap elementor-element-populated\">\n\t\t\t\t\t\t<div class=\"elementor-element elementor-element-ceab886 aleft elementor-widget elementor-widget-wgl-info-box\" data-id=\"ceab886\" data-element_type=\"widget\" data-widget_type=\"wgl-info-box.default\">\n\t\t\t\t<div class=\"elementor-widget-container\">\n\t\t\t<div class=\"wgl-infobox\"><div class=\"wgl-infobox_wrapper\"><div class=\"content_wrapper\"><div class=\"wgl-infobox-title_wrapper\"><h6 class=\"wgl-infobox_title\"><span class=\"wgl-infobox_title-idle\">Table ronde 4<\/span><\/h6><\/div><\/div><\/div><\/div>\t\t<\/div>\n\t\t\t\t<\/div>\n\t\t\t\t<div class=\"elementor-element elementor-element-7d494bb divider-yes aleft elementor-widget elementor-widget-wgl-double-heading\" data-id=\"7d494bb\" data-element_type=\"widget\" data-widget_type=\"wgl-double-heading.default\">\n\t\t\t\t<div class=\"elementor-widget-container\">\n\t\t\t<div class=\"wgl-double-heading\"><div class=\"dblh__subtitle\">Directrice des politiques internationales en mati\u00e8re de cybers\u00e9curit\u00e9, Affaires mondiales Canada<\/div><div class=\"dblh__wrapper\"><h3 class=\"dblh__title-wrapper\"><span class=\"dblh__title dblh__title-1\">Kelly Anderson<\/span><\/h3><\/div><\/div>\t\t<\/div>\n\t\t\t\t<\/div>\n\t\t\t\t<div class=\"elementor-element elementor-element-c1ee22e aleft elementor-widget elementor-widget-wgl-info-box\" data-id=\"c1ee22e\" data-element_type=\"widget\" data-widget_type=\"wgl-info-box.default\">\n\t\t\t\t<div class=\"elementor-widget-container\">\n\t\t\t<div class=\"wgl-infobox\"><div class=\"wgl-infobox_wrapper\"><div class=\"content_wrapper\"><div class=\"wgl-infobox-title_wrapper\"><\/div><div class=\"wgl-infobox_content\"><p>Titulaire d\u2019un baccalaur\u00e9at en sciences informatiques de l\u2019Universit\u00e9 d\u2019Ottawa et d\u2019une ma\u00eetrise de la Norman Paterson School of International Affairs, Kelly\u00a0Anderson occupe actuellement le poste de directrice des politiques internationales en mati\u00e8re de cybers\u00e9curit\u00e9 \u00e0 Affaires mondiales Canada.<\/p><p>Mme Anderson s\u2019est jointe au minist\u00e8re des Affaires \u00e9trang\u00e8res et du Commerce international en\u00a01997.<\/p><p>Au si\u00e8ge, elle a occup\u00e9 diverses fonctions, notamment celles de directrice adjointe pour l\u2019OTAN, l\u2019OSCE et la coop\u00e9ration europ\u00e9enne en mati\u00e8re de d\u00e9fense, directrice adjointe charg\u00e9e des armes conventionnelles, chimiques et biologiques et directrice adjointe pour la politique et la r\u00e9glementation spatiales.<\/p><p>Elle a \u00e9galement servi \u00e0 l\u2019\u00e9tranger, dans les ambassades canadiennes de Belgrade, en Serbie, et de Washington, aux \u00c9tats-Unis. Mme\u00a0Anderson a \u00e9t\u00e9 repr\u00e9sentante permanente adjointe du Canada \u00e0 la Conf\u00e9rence sur le d\u00e9sarmement, \u00e0 Gen\u00e8ve, de\u00a02011 \u00e0\u00a02014 et, plus r\u00e9cemment, a \u00e9t\u00e9 conseill\u00e8re et chef de la section Politique \u00e9trang\u00e8re et diplomatie de l\u2019ambassade du Canada en Autriche.<\/p><\/div><\/div><\/div><\/div>\t\t<\/div>\n\t\t\t\t<\/div>\n\t\t\t\t<div class=\"elementor-element elementor-element-197bf64 elementor-shape-rounded elementor-widget elementor-widget-wgl-social-icons\" data-id=\"197bf64\" data-element_type=\"widget\" data-widget_type=\"wgl-social-icons.default\">\n\t\t\t\t<div class=\"elementor-widget-container\">\n\t\t\t<div class=\"wgl-social-icons elementor-social-icons-wrapper\"><a class=\"elementor-icon elementor-social-icon elementor-social-icon-linkedin elementor-repeater-item-147f74f\" href=\"https:\/\/www.linkedin.com\/in\/kelly-anderson-b1011363\/?originalSubdomain=ca%20\" target=\"_blank\" title=\"Linkedin\"><span class=\"elementor-screen-only\">Linkedin<\/span><i class=\"fab fa-linkedin\"><\/i><\/a><\/div>\t\t<\/div>\n\t\t\t\t<\/div>\n\t\t\t\t\t<\/div>\n\t\t<\/div>\n\t\t\t\t\t<\/div>\n\t\t<\/section>\n\t\t\t\t<section class=\"elementor-section elementor-top-section elementor-element elementor-element-e72c531 elementor-section-boxed elementor-section-height-default elementor-section-height-default\" data-id=\"e72c531\" data-element_type=\"section\">\n\t\t\t\t\t\t<div class=\"elementor-container elementor-column-gap-default\">\n\t\t\t\t\t<div class=\"elementor-column elementor-col-33 elementor-top-column elementor-element elementor-element-204e45f\" data-id=\"204e45f\" data-element_type=\"column\">\n\t\t\t<div class=\"elementor-widget-wrap elementor-element-populated\">\n\t\t\t\t\t\t<div class=\"elementor-element elementor-element-efcaf25 elementor-widget elementor-widget-image\" data-id=\"efcaf25\" data-element_type=\"widget\" data-widget_type=\"image.default\">\n\t\t\t\t<div class=\"elementor-widget-container\">\n\t\t\t\t\t\t\t\t\t\t\t\t\t<img loading=\"lazy\" decoding=\"async\" width=\"809\" height=\"1075\" src=\"https:\/\/canadianigf.ca\/wp-content\/uploads\/2025\/10\/jenna-fung-e1761319219641.png\" class=\"attachment-full size-full wp-image-9105\" alt=\"\" \/>\t\t\t\t\t\t\t\t\t\t\t\t\t<\/div>\n\t\t\t\t<\/div>\n\t\t\t\t\t<\/div>\n\t\t<\/div>\n\t\t\t\t<div class=\"elementor-column elementor-col-66 elementor-top-column elementor-element elementor-element-b64366f\" data-id=\"b64366f\" data-element_type=\"column\">\n\t\t\t<div class=\"elementor-widget-wrap elementor-element-populated\">\n\t\t\t\t\t\t<div class=\"elementor-element elementor-element-b4f6f7d aleft elementor-widget elementor-widget-wgl-info-box\" data-id=\"b4f6f7d\" data-element_type=\"widget\" data-widget_type=\"wgl-info-box.default\">\n\t\t\t\t<div class=\"elementor-widget-container\">\n\t\t\t<div class=\"wgl-infobox\"><div class=\"wgl-infobox_wrapper\"><div class=\"content_wrapper\"><div class=\"wgl-infobox-title_wrapper\"><h6 class=\"wgl-infobox_title\"><span class=\"wgl-infobox_title-idle\">Mod\u00e9ratrice<\/span><\/h6><\/div><\/div><\/div><\/div>\t\t<\/div>\n\t\t\t\t<\/div>\n\t\t\t\t<div class=\"elementor-element elementor-element-1fbae03 divider-yes aleft elementor-widget elementor-widget-wgl-double-heading\" data-id=\"1fbae03\" data-element_type=\"widget\" data-widget_type=\"wgl-double-heading.default\">\n\t\t\t\t<div class=\"elementor-widget-container\">\n\t\t\t<div class=\"wgl-double-heading\"><div class=\"dblh__subtitle\">Responsable de campagne, OpenMedia<\/div><div class=\"dblh__wrapper\"><h3 class=\"dblh__title-wrapper\"><span class=\"dblh__title dblh__title-1\">Jenna Fung <\/span><\/h3><\/div><\/div>\t\t<\/div>\n\t\t\t\t<\/div>\n\t\t\t\t<div class=\"elementor-element elementor-element-577df1f aleft elementor-widget elementor-widget-wgl-info-box\" data-id=\"577df1f\" data-element_type=\"widget\" data-widget_type=\"wgl-info-box.default\">\n\t\t\t\t<div class=\"elementor-widget-container\">\n\t\t\t<div class=\"wgl-infobox\"><div class=\"wgl-infobox_wrapper\"><div class=\"content_wrapper\"><div class=\"wgl-infobox-title_wrapper\"><\/div><div class=\"wgl-infobox_content\"><p>Jenna est une passionn\u00e9e de gouvernance de l\u2019Internet et une actrice du changement dans le domaine des politiques publiques. Son travail fait le lien entre les aspects techniques de l\u2019infrastructure Internet et la participation du public \u00e0 l\u2019\u00e9laboration des politiques. Depuis 2018, elle occupe des postes d\u2019influence et de direction au sein de la communaut\u00e9 des jeunes du Forum sur la gouvernance de l\u2019Internet (FGI) des Nations Unies et de la Soci\u00e9t\u00e9 pour l\u2019attribution des noms de domaine et des num\u00e9ros sur Internet (ICANN). Sur le plan professionnel, Jenna effectue de nombreuses t\u00e2ches diff\u00e9rentes\u00a0: elle est responsable de campagne chez OpenMedia et directrice de programme chez <a href=\"http:\/\/netmission.asia\/\"><em>NetMission.Asia<\/em><\/a>, un r\u00e9seau dirig\u00e9 par des jeunes qui promeut la gouvernance de l\u2019Internet dans la r\u00e9gion Asie-Pacifique. Elle r\u00e9dige \u00e9galement <a href=\"https:\/\/jenzissues.substack.com\/\"><em>Jen\u00a0Z\u00a0issues<\/em><\/a>, un bulletin qui explore les liens entre les droits num\u00e9riques et les politiques publiques. N\u00e9e et ayant grandi \u00e0 Hong Kong, Jenna consid\u00e8re maintenant Toronto comme son chez elle. En dehors de son travail de militante, elle est danseuse de flamenco, lectrice passionn\u00e9e et amoureuse des chats.<\/p><\/div><\/div><\/div><\/div>\t\t<\/div>\n\t\t\t\t<\/div>\n\t\t\t\t<div class=\"elementor-element elementor-element-e4b2255 elementor-shape-rounded elementor-widget elementor-widget-wgl-social-icons\" data-id=\"e4b2255\" data-element_type=\"widget\" data-widget_type=\"wgl-social-icons.default\">\n\t\t\t\t<div class=\"elementor-widget-container\">\n\t\t\t<div class=\"wgl-social-icons elementor-social-icons-wrapper\"><a class=\"elementor-icon elementor-social-icon elementor-social-icon-linkedin elementor-repeater-item-147f74f\" href=\"https:\/\/www.linkedin.com\/in\/jenna-fung\/\" target=\"_blank\" title=\"Linkedin\"><span class=\"elementor-screen-only\">Linkedin<\/span><i class=\"fab fa-linkedin\"><\/i><\/a><\/div>\t\t<\/div>\n\t\t\t\t<\/div>\n\t\t\t\t\t<\/div>\n\t\t<\/div>\n\t\t\t\t\t<\/div>\n\t\t<\/section>\n\t\t\t\t<\/div>\n\t\t","protected":false},"excerpt":{"rendered":"<p>Intervenant\u00b7es 2025 Le FCGI est fier de r\u00e9unir des dirigeant\u00b7es\u00a0issu\u00b7es des gouvernements, du secteur priv\u00e9, de la soci\u00e9t\u00e9 civile, du monde universitaire et de la communaut\u00e9 technique pour d\u00e9battre des enjeux de politique publique les plus urgents auxquels internet est confront\u00e9. D\u00e9couvrez les intervenant\u00b7es du FCGI 2025 ! Conf\u00e9rencier principal Pr\u00e9sident et chef de la [&hellip;]<\/p>\n","protected":false},"author":3454,"featured_media":8379,"parent":0,"menu_order":38,"comment_status":"closed","ping_status":"closed","template":"","meta":{"cybocfi_hide_featured_image":"","footnotes":""},"class_list":["post-8925","page","type-page","status-publish","has-post-thumbnail","hentry"],"_links":{"self":[{"href":"https:\/\/canadianigf.ca\/fr\/wp-json\/wp\/v2\/pages\/8925","targetHints":{"allow":["GET"]}}],"collection":[{"href":"https:\/\/canadianigf.ca\/fr\/wp-json\/wp\/v2\/pages"}],"about":[{"href":"https:\/\/canadianigf.ca\/fr\/wp-json\/wp\/v2\/types\/page"}],"author":[{"embeddable":true,"href":"https:\/\/canadianigf.ca\/fr\/wp-json\/wp\/v2\/users\/3454"}],"replies":[{"embeddable":true,"href":"https:\/\/canadianigf.ca\/fr\/wp-json\/wp\/v2\/comments?post=8925"}],"version-history":[{"count":186,"href":"https:\/\/canadianigf.ca\/fr\/wp-json\/wp\/v2\/pages\/8925\/revisions"}],"predecessor-version":[{"id":9221,"href":"https:\/\/canadianigf.ca\/fr\/wp-json\/wp\/v2\/pages\/8925\/revisions\/9221"}],"wp:featuredmedia":[{"embeddable":true,"href":"https:\/\/canadianigf.ca\/fr\/wp-json\/wp\/v2\/media\/8379"}],"wp:attachment":[{"href":"https:\/\/canadianigf.ca\/fr\/wp-json\/wp\/v2\/media?parent=8925"}],"curies":[{"name":"wp","href":"https:\/\/api.w.org\/{rel}","templated":true}]}}